{"id":1870,"date":"2021-06-10T14:52:09","date_gmt":"2021-06-10T12:52:09","guid":{"rendered":"https:\/\/mosaicorefugees.org\/?page_id=1870"},"modified":"2025-11-14T15:08:06","modified_gmt":"2025-11-14T14:08:06","slug":"gmr_2021","status":"publish","type":"page","link":"https:\/\/mosaicorefugees.org\/fr\/gmr_2021\/","title":{"rendered":"Journ\u00e9e mondiale du r\u00e9fugi\u00e9 2021"},"content":{"rendered":"\t\t<div data-elementor-type=\"wp-page\" data-elementor-id=\"1870\" class=\"elementor elementor-1870 elementor-1858\" data-elementor-post-type=\"page\">\n\t\t\t\t<div class=\"elementor-element elementor-element-c652265 e-flex e-con-boxed e-con e-parent\" data-id=\"c652265\" data-element_type=\"container\" data-e-type=\"container\">\n\t\t\t\t\t<div class=\"e-con-inner\">\n\t\t<div class=\"elementor-element elementor-element-ee47e19 e-con-full e-flex e-con e-child\" data-id=\"ee47e19\" data-element_type=\"container\" data-e-type=\"container\">\n\t\t\t\t<div class=\"elementor-element elementor-element-6ee60c5 elementor-widget elementor-widget-image\" data-id=\"6ee60c5\" data-element_type=\"widget\" data-e-type=\"widget\" data-settings=\"{&quot;sticky&quot;:&quot;top&quot;,&quot;sticky_on&quot;:[&quot;desktop&quot;],&quot;sticky_parent&quot;:&quot;yes&quot;,&quot;sticky_offset&quot;:0,&quot;sticky_effects_offset&quot;:0,&quot;sticky_anchor_link_offset&quot;:0}\" data-widget_type=\"image.default\">\n\t\t\t\t\t\t\t\t\t\t\t\t\t\t\t<img fetchpriority=\"high\" decoding=\"async\" width=\"724\" height=\"1024\" src=\"https:\/\/mosaicorefugees.org\/wp-content\/uploads\/2021\/06\/poster-297x420_ridotto-724x1024.jpg\" class=\"attachment-large size-large wp-image-1865\" alt=\"\" srcset=\"https:\/\/mosaicorefugees.org\/wp-content\/uploads\/2021\/06\/poster-297x420_ridotto-724x1024.jpg 724w, https:\/\/mosaicorefugees.org\/wp-content\/uploads\/2021\/06\/poster-297x420_ridotto-212x300.jpg 212w, https:\/\/mosaicorefugees.org\/wp-content\/uploads\/2021\/06\/poster-297x420_ridotto-768x1086.jpg 768w, https:\/\/mosaicorefugees.org\/wp-content\/uploads\/2021\/06\/poster-297x420_ridotto-700x990.jpg 700w\" sizes=\"(max-width: 724px) 100vw, 724px\" \/>\t\t\t\t\t\t\t\t\t\t\t\t\t\t\t<\/div>\n\t\t\t\t<\/div>\n\t\t<div class=\"elementor-element elementor-element-49264b2 e-con-full e-flex e-con e-child\" data-id=\"49264b2\" data-element_type=\"container\" data-e-type=\"container\">\n\t\t\t\t<div class=\"elementor-element elementor-element-44c3b5f elementor-widget elementor-widget-heading\" data-id=\"44c3b5f\" data-element_type=\"widget\" data-e-type=\"widget\" data-widget_type=\"heading.default\">\n\t\t\t\t\t<h2 class=\"elementor-heading-title elementor-size-default\">Programme<\/h2>\t\t\t\t<\/div>\n\t\t\t\t<div class=\"elementor-element elementor-element-d3a593c elementor-widget elementor-widget-text-editor\" data-id=\"d3a593c\" data-element_type=\"widget\" data-e-type=\"widget\" data-widget_type=\"text-editor.default\">\n\t\t\t\t\t\t\t\t\t<p>DU 17 AU 22 JUIN 2021<br>LIVE STREAMING SUR LES COMPTES YOUTUBE ET FACEBOOK DE MOSAIC-ACTIONS FOR REFUGEES<\/p><h2>Programme<\/h2><div class=\"wpb_text_column wpb_content_element \"><div class=\"wpb_wrapper\"><p><strong><em><u>17 juin 2021<\/u><\/em><\/strong><u><br><\/u><em>17.00 Diffusion en direct<\/em><\/p><p><strong>Changement climatique et migration forc\u00e9e : la figure du r\u00e9fugi\u00e9 environnemental<\/strong><\/p><p><em>Malgr\u00e9 l&rsquo;existence d\u00e9sormais ind\u00e9niable d&rsquo;une corr\u00e9lation \u00e9troite entre le changement climatique et les migrations forc\u00e9es, la l\u00e9gislation sur l&rsquo;immigration aux niveaux italien, europ\u00e9en et international n&rsquo;a pas encore combl\u00e9 cette lacune, car le droit d&rsquo;asile n&rsquo;est toujours pas reconnu pour les questions environnementales. Les \u00ab\u00a0migrants environnementaux\u00a0\u00bb augmentent d&rsquo;ann\u00e9e en ann\u00e9e \u00e0 mesure que les cons\u00e9quences du changement climatique s&rsquo;accentuent, et une prise de conscience est donc plus que jamais n\u00e9cessaire. Dans le cadre des \u00e9v\u00e9nements de la Journ\u00e9e mondiale des r\u00e9fugi\u00e9s 2021, Mosaico propose un panel qui, \u00e0 travers un dialogue interdisciplinaire entre experts, mettra en lumi\u00e8re cette probl\u00e9matique.  <\/em><\/p><p><u>Invit\u00e9s<\/u>:<\/p><p><strong>Ruth Kiyindou<\/strong>, Pr\u00e9sidente de Mosaico &#8211; Actions pour les r\u00e9fugi\u00e9s<br><strong>Manuela Consito<\/strong>, D\u00e9partement de droit &#8211; UNITO<br><strong>Eugenio Alfano<\/strong>, ASGI Florence<br><strong>Federica Pecoraro<\/strong>, Casa Comune<br>Mod\u00e9rateur : <strong>Nouhoum Traor\u00e9<\/strong>, Mosaico &#8211; Actions pour les r\u00e9fugi\u00e9s<\/p><p><iframe title=\"Lecteur vid\u00e9o YouTube\" src=\"https:\/\/www.youtube.com\/embed\/1KsP-KfG9Kc\" width=\"560\" height=\"315\" frameborder=\"0\" allowfullscreen=\"allowfullscreen\" data-mce-fragment=\"1\"><\/iframe><\/p><\/div><\/div><div class=\"vc_empty_space\"> <\/div><div class=\"wpb_text_column wpb_content_element \"><div class=\"wpb_wrapper\"><p><strong><em><u>18 juin 2021<\/u><\/em><\/strong><u><br><\/u><em>11.00 a.m. Live streaming<\/em><\/p><p><strong>Le cauchemar des CPR. En m\u00e9moire de Moussa Balde <\/strong><br><em>\u00e9v\u00e9nement organis\u00e9 par Riforma en coop\u00e9ration avec Mosaico &#8211; Azioni per rioni et l&rsquo;\u00e9glise vaudoise de Turin  <\/em><\/p><p><u>Invit\u00e9s<\/u>:<\/p><p><strong>Patrizia Mathieu<\/strong>, Consistoire \u00c9glise vaudoise de Turin<br><strong>Gianluca Vitale<\/strong>, avocat de Moussa Balde et membre de l&rsquo;association ASGI<br><strong>Maria Bonafede<\/strong>, Pasteur de l&rsquo;\u00c9glise vaudoise de Turin<br><strong>Berthin Nzonza<\/strong>, Mosaico &#8211; Actions pour les r\u00e9fugi\u00e9s<br>Mod\u00e9rateur : <strong>Claudio Geymonat<\/strong>, Rifugiati<\/p><p><iframe src=\"https:\/\/www.facebook.com\/plugins\/video.php?height=314&amp;href=https%3A%2F%2Fwww.facebook.com%2FRiformaEcoDelleValliValdesi%2Fvideos%2F524607675515116%2F&amp;show_text=false&amp;width=560&amp;t=0\" width=\"560\" height=\"314\" frameborder=\"0\" scrolling=\"no\" allowfullscreen=\"allowfullscreen\" data-mce-fragment=\"1\"><\/iframe><\/p><\/div><\/div><div class=\"vc_empty_space\"> <\/div><div class=\"wpb_text_column wpb_content_element \"><div class=\"wpb_wrapper\"><p><strong><em><u>18 juin 2021<\/u><\/em><\/strong><u><br><\/u><em>17.00 Diffusion en direct<\/em><\/p><p><strong>R\u00e9gularisations et pand\u00e9mies. Une approche comparative <\/strong><\/p><p><em>Les mesures prises par le gouvernement italien concernant en particulier la r\u00e9gularisation des travailleurs agricoles en r\u00e9ponse \u00e0 la situation pand\u00e9mique ont repr\u00e9sent\u00e9 une occasion manqu\u00e9e majeure, ouvrant la porte \u00e0 une situation d\u00e9j\u00e0 complexe et s&rsquo;ajoutant au pr\u00e9c\u00e9dent d\u00e9cret Salvini. Au cours du panel propos\u00e9, une analyse des cons\u00e9quences observ\u00e9es sur le terrain depuis des mois sera propos\u00e9e. <\/em><\/p><p><u>Invit\u00e9s<\/u>:<\/p><p><strong>Avv. Alberto Pasquero<\/strong>, ASGI<br> Oumarou<strong>Lenglengue<\/strong>, Under the Baobab<br><strong>Mariana Ara\u00fajo<\/strong>, Regularizacion Ya!\u00a9<br>Mod\u00e9rateur : <strong>Michele Manocchi<\/strong>, University of Western London, Ontario &#8211; Canada<\/p><p><iframe title=\"Lecteur vid\u00e9o YouTube\" src=\"https:\/\/www.youtube.com\/embed\/qwr1NIpObQc\" width=\"560\" height=\"315\" frameborder=\"0\" allowfullscreen=\"allowfullscreen\" data-mce-fragment=\"1\"><\/iframe><\/p><\/div><\/div><div class=\"vc_empty_space\"> <\/div><div class=\"wpb_text_column wpb_content_element \"><div class=\"wpb_wrapper\"><p><strong><em><u>19 juin 2021<\/u><\/em><\/strong><u><br><\/u><em>15.00 Diffusion en direct<\/em><\/p><p><strong>Afrique : une histoire commune \u00e0 raconter<\/strong><\/p><p>Le r\u00e9cit collectif de la complexit\u00e9 et de la diversit\u00e9 d&rsquo;un continent entier, le continent africain, est souvent r\u00e9duit \u00e0 la peinture d&rsquo;une masse humaine en fuite, pr\u00eate \u00e0 envahir l&rsquo;Occident. Son histoire \u00e9crite par les vainqueurs est donc parfois racont\u00e9e \u00e0 travers une approche subjective et superficielle, ne plongeant gu\u00e8re dans l&rsquo;histoire riche et complexe dans laquelle s&rsquo;enracinent les processus migratoires contemporains.<br>Le panel propos\u00e9 entend ouvrir un espace de discussion et de r\u00e9flexion sur les questions sous-jacentes aux migrations actuelles qui voient le continent africain comme un protagoniste. <\/p><p><u>Invit\u00e9s<\/u>:<strong> <\/strong><\/p><p><strong>Berthin Nzonza<\/strong>, Mosaic &#8211; Actions pour les r\u00e9fugi\u00e9s<br><strong>Angelo Turco<\/strong>, Universit\u00e9 IULM, Milan<br> Nysymb<strong>Lascony<\/strong>, historien et r\u00e9alisateur de documentaires<br>Mod\u00e9rateur : <strong>Claudio Paravati<\/strong>, Confronti<\/p><p><iframe title=\"Lecteur vid\u00e9o YouTube\" src=\"https:\/\/www.youtube.com\/embed\/YsgZitw_UrY\" width=\"560\" height=\"315\" frameborder=\"0\" allowfullscreen=\"allowfullscreen\" data-mce-fragment=\"1\"><\/iframe><\/p><\/div><\/div><div class=\"vc_empty_space\"> <\/div><div class=\"wpb_text_column wpb_content_element \"><div class=\"wpb_wrapper\"><p><strong><em><u>20 juin 2021<\/u><\/em><\/strong><u><br><\/u><em>De 11h30 \u00e0 17h dans la cour de la Casa Valdese, Corso Vittorio Emanuele II, 23 &#8211; Turin<\/em><\/p><p><strong>Bazar de la laine<\/strong><\/p><p><em>Pour la deuxi\u00e8me ann\u00e9e cons\u00e9cutive, l&rsquo;\u00e9glise vaudoise de Massello organise le \u00ab\u00a0Bazar de la laine\u00a0\u00bb, une vente de v\u00eatements et d&rsquo;accessoires en laine r\u00e9alis\u00e9s par un groupe de dames tricoteuses. Le choix de la \u00ab\u00a0laine\u00a0\u00bb comme mati\u00e8re premi\u00e8re protagoniste du bazar n&rsquo;est pas un hasard : la laine repr\u00e9sente bien aujourd&rsquo;hui notre n\u00e9cessaire aspiration \u00e0 l&rsquo;utilisation de produits naturels et non polluants pour se v\u00eatir sainement et contribuer \u00e0 la survie de la plan\u00e8te enti\u00e8re.<br>Les b\u00e9n\u00e9fices seront revers\u00e9s \u00e0 la r\u00e9alisation d&rsquo;un projet de valorisation des comp\u00e9tences artistiques et culturelles des r\u00e9fugi\u00e9s de l&rsquo;association Mosaico. <\/em><\/p><\/div><\/div><div class=\"vc_empty_space\"> <\/div><div class=\"wpb_text_column wpb_content_element \"><div class=\"wpb_wrapper\"><p><strong><em><u>20 juin 2021<\/u><\/em><\/strong><u><br><\/u><em>11 h 45 \u00e0 la Casa Valdese, Corso Vittorio Emanuele II, 23 &#8211; Turin<\/em><\/p><p><strong>Pr\u00e9sentation de \u00ab\u00a0Il Sentiero\u00a0\u00bb d&rsquo;Andrea Tridico en collaboration avec la Libreria Claudiana<\/strong><\/p><p><em>2019 : Enoch est un jeune ivoirien arriv\u00e9 en Italie et qui fait partie d&rsquo;un projet d&rsquo;accueil de migrants g\u00e9r\u00e9 par l&rsquo;\u00c9glise vaudoise \u00e0 Torre Pellice. Bien qu&rsquo;il ait l&rsquo;intention de partir pour la France, les proc\u00e9dures de demande d&rsquo;asile le contraignent \u00e0 rester dans un lieu qui lui est \u00e9tranger.<br>1689 : David est un exil\u00e9 vaudois qui vit \u00e0 Gen\u00e8ve o\u00f9 son peuple s&rsquo;est r\u00e9fugi\u00e9 suite aux pers\u00e9cutions religieuses du 17\u00e8me si\u00e8cle. Il participe au Glorieux Rapatriement, affrontant la bataille d\u00e9cisive pour retourner dans sa patrie.  <br>Les deux protagonistes de \u00ab\u00a0Il Sentiero\u00a0\u00bb, le nouveau roman d&rsquo;Andrea Tridico, sont destin\u00e9s \u00e0 franchir les si\u00e8cles qui les s\u00e9parent et \u00e0 se rencontrer dans les vall\u00e9es vaudoises, avec leurs paysages, leur histoire pass\u00e9e et leur culture religieuse.<br>\u00c0 l&rsquo;occasion de la Journ\u00e9e mondiale des r\u00e9fugi\u00e9s, l&rsquo;auteur discute avec Berthin Nzonza (Mosa\u00efque &#8211; Actions pour les r\u00e9fugi\u00e9s) et Davide Rosso (directeur du Centre culturel vaudois) de la mani\u00e8re dont la condition actuelle de migrant se refl\u00e8te dans les drames historiques de la diaspora et de l&rsquo;exil.<\/em><\/p><p><u>Invit\u00e9s<\/u>:<\/p><p><strong>Andrea Tridico<\/strong>, auteur<br><strong>Davide Rosso<\/strong>, Centre culturel vaudois<br><strong>Berthin Nzonza<\/strong>, Mosaico Azioni i Rifugiati<\/p><p>Mod\u00e9rateur : <strong>Claudio Geymonat, <\/strong>R\u00e9forme<\/p><\/div><\/div><div class=\"vc_empty_space\"> <\/div><div class=\"wpb_text_column wpb_content_element \"><div class=\"wpb_wrapper\"><p><strong><em><u>20 juin 2021<\/u><\/em><\/strong><\/p><p><strong>Journ\u00e9e mondiale du r\u00e9fugi\u00e9<\/strong><\/p><p><em>Au cours de la journ\u00e9e, Mosaico propose une s\u00e9rie de posts approfondis sur les principaux canaux sociaux et la possibilit\u00e9 de t\u00e9l\u00e9charger du mat\u00e9riel d&rsquo;information compl\u00e9mentaire sur les questions de migration forc\u00e9e.<\/em><\/p><\/div><\/div><div class=\"vc_empty_space\"> <\/div><div class=\"wpb_text_column wpb_content_element \"><div class=\"wpb_wrapper\"><p><strong><em><u>21 juin 2021<\/u><\/em><\/strong><u><br><\/u><em>11.00 a.m. Live streaming<\/em><\/p><p><strong>Nouveaux r\u00e8glements europ\u00e9ens. Pacte sur les migrations et l&rsquo;asile. <\/strong><\/p><p><em>En septembre 2020, la Commission europ\u00e9enne a pr\u00e9sent\u00e9 le \u00ab\u00a0Pacte sur l&rsquo;immigration et l&rsquo;asile\u00a0\u00bb, dans le but de r\u00e9former la l\u00e9gislation et les politiques actuelles de l&rsquo;UE en mati\u00e8re d&rsquo;asile. Le Pacte s&rsquo;accompagne d&rsquo;une s\u00e9rie de propositions l\u00e9gislatives qui sont actuellement examin\u00e9es par le Parlement europ\u00e9en et le Conseil europ\u00e9en. Le panel propose un dialogue entre des experts de la jurisprudence europ\u00e9enne en mati\u00e8re d&rsquo;asile et des repr\u00e9sentants de l&rsquo;ECRE.  <\/em><\/p><p><u>Invit\u00e9s<\/u>:<\/p><p><strong>Catherine Woollard <\/strong>, ECRE, en dialogue avec <strong>Maurizio Veglio, <\/strong>ASGI<\/p><p><strong>Yagoub Kibeida<\/strong>, Mosaico &#8211; Azioni per i rifugiati<br>Mod\u00e9rateur : <strong>Riccardo Clerici, <\/strong>UNHCR<\/p><p><iframe title=\"Lecteur vid\u00e9o YouTube\" src=\"https:\/\/www.youtube.com\/embed\/vamQsS8DovU\" width=\"560\" height=\"315\" frameborder=\"0\" allowfullscreen=\"allowfullscreen\" data-mce-fragment=\"1\"><\/iframe><\/p><\/div><\/div><div class=\"vc_empty_space\"> <\/div><div class=\"wpb_text_column wpb_content_element \"><div class=\"wpb_wrapper\"><p><strong><em><u>21 juin 2021<\/u><\/em><\/strong><u><br><\/u><em>17.00 Diffusion en direct<\/em><\/p><p><strong>Participation active des r\u00e9fugi\u00e9s en Italie et en Europe<\/strong><\/p><p><em>Alors que la pand\u00e9mie mondiale commen\u00e7ait \u00e0 montrer ses premiers signes en Italie et en Europe au d\u00e9but de 2020, l&rsquo;organisation chef de file Aditus Foundation, en partenariat avec Mosaico &#8211; Azioni per i rifugiati in Partnership et d&rsquo;autres organisations bas\u00e9es en Belgique, \u00e0 Chypre, en Gr\u00e8ce, aux Pays-Bas et \u00e0 Malte, a commenc\u00e9 la mise en \u0153uvre du projet \u00ab\u00a0Kit de formation pour l&rsquo;autonomisation des organisations communautaires dirig\u00e9es par des r\u00e9fugi\u00e9s\u00a0\u00bb, financ\u00e9 par le programme europ\u00e9en Erasmus +, qui se terminera au d\u00e9but de l&rsquo;ann\u00e9e 2022. Le projet se concentre sur le th\u00e8me de l&rsquo;autonomisation des personnes r\u00e9fugi\u00e9es par le biais d&rsquo;une participation active \u00e0 la vie associative et politique des pays d&rsquo;accueil europ\u00e9ens. Le panel a l&rsquo;intention de pr\u00e9senter le rapport national sur le r\u00f4le, la pr\u00e9sence, les d\u00e9fis et les opportunit\u00e9s observ\u00e9s dans les organisations de r\u00e9fugi\u00e9s en Italie et en Europe.  <\/em><\/p><p><u>Invit\u00e9s<\/u>:<\/p><p>Accueil par Ass. <strong>Sonia Schellino<\/strong>, Maire adjoint de la ville de Turin<br>Introduction par <strong>Yagoub Kibeida<\/strong>, Mosaico &#8211; Actions pour les r\u00e9fugi\u00e9s<br><strong>Debora Boaglio<\/strong>, chercheur<br><strong>Leila Giannetto<\/strong>, FIERI<br><strong>Maurizio Pia<\/strong>, Service des \u00e9trangers Ville de Turin<br><strong>Salvatore Bottari<\/strong>, Ville de Turin<\/p><p><strong>Chiara Cardoletti<\/strong>, UNHCR<br><strong>Neil Falzon<\/strong>, Aditus Foundation<br>Mod\u00e9rateur : <strong>Colette Meffire<\/strong>, Mosaico &#8211; Azioni per i rifugiati<\/p><p><iframe title=\"Lecteur vid\u00e9o YouTube\" src=\"https:\/\/www.youtube.com\/embed\/qUJUmCC-UT8\" width=\"560\" height=\"315\" frameborder=\"0\" allowfullscreen=\"allowfullscreen\" data-mce-fragment=\"1\"><\/iframe><\/p><\/div><\/div><div class=\"vc_empty_space\"> <\/div><div class=\"wpb_text_column wpb_content_element \"><div class=\"wpb_wrapper\"><p><strong><em><u>22 juin 2021<\/u><\/em><\/strong><u><br><\/u><em>17.00 Diffusion en direct<\/em><\/p><p><strong>M\u00e9diation sociale de rue en p\u00e9riode de pand\u00e9mie : bonnes pratiques et approche multidisciplinaire.<\/strong><\/p><p><em>Face aux d\u00e9fis et aux cons\u00e9quences de la situation d\u00e9coulant de la crise sanitaire et socio-\u00e9conomique, la m\u00e9diation sociale de rue, dans sa particularit\u00e9 de s&rsquo;adresser aux vuln\u00e9rabilit\u00e9s invisibles, souligne l&rsquo;importance de mettre en \u00e9vidence les situations les plus d\u00e9licates qui habitent le territoire. Dans cette optique, le panel propose un dialogue entre les acteurs et les op\u00e9rateurs du secteur, en proposant une approche multidisciplinaire qui englobe \u00e0 la fois le point de vue des institutions et celui des r\u00e9alit\u00e9s qui travaillent directement sur le terrain \u00e0 diff\u00e9rents niveaux. <\/em><\/p><p><u>Invit\u00e9s<\/u>:<\/p><p><strong>Marco Giusta<\/strong>, Conseiller pour les droits de la municipalit\u00e9 de Turin<br><strong>Giovanni Ghibaudi<\/strong>, Vice-pr\u00e9sident honoraire du r\u00e9seau CreE-A (Association Europ\u00e9enne de la m\u00e9diation sociale)<br><strong>Prince Dengha<\/strong>, OASI &#8211; On the Street, Mosaic &#8211; Azioni per i rifugiati<br> Ivano<strong>Casalegno<\/strong>, Associazione Arteria<br>Mod\u00e9rateur : <strong>Berthin Nzonza<\/strong>, Mosaic &#8211; Azioni per i rifugiati<\/p><p><iframe title=\"Lecteur vid\u00e9o YouTube\" src=\"https:\/\/www.youtube.com\/embed\/giZpVBYTtbE\" width=\"560\" height=\"315\" frameborder=\"0\" allowfullscreen=\"allowfullscreen\" data-mce-fragment=\"1\"><\/iframe><\/p><\/div><\/div>\t\t\t\t\t\t\t\t<\/div>\n\t\t\t\t<\/div>\n\t\t\t\t\t<\/div>\n\t\t\t\t<\/div>\n\t\t\t\t<\/div>\n\t\t","protected":false},"excerpt":{"rendered":"<p>Il ne s&rsquo;agit pas d&rsquo;un \u00e9v\u00e9nement unique, mais d&rsquo;un vaste calendrier d&rsquo;initiatives dans toute la ville, impliquant des r\u00e9fugi\u00e9s, des citoyens, des institutions, des \u00e9coles, des universit\u00e9s, des organismes culturels et sociaux.<\/p>\n","protected":false},"author":1,"featured_media":0,"parent":0,"menu_order":0,"comment_status":"closed","ping_status":"closed","template":"","meta":{"footnotes":""},"class_list":["post-1870","page","type-page","status-publish","hentry"],"_links":{"self":[{"href":"https:\/\/mosaicorefugees.org\/fr\/wp-json\/wp\/v2\/pages\/1870","targetHints":{"allow":["GET"]}}],"collection":[{"href":"https:\/\/mosaicorefugees.org\/fr\/wp-json\/wp\/v2\/pages"}],"about":[{"href":"https:\/\/mosaicorefugees.org\/fr\/wp-json\/wp\/v2\/types\/page"}],"author":[{"embeddable":true,"href":"https:\/\/mosaicorefugees.org\/fr\/wp-json\/wp\/v2\/users\/1"}],"replies":[{"embeddable":true,"href":"https:\/\/mosaicorefugees.org\/fr\/wp-json\/wp\/v2\/comments?post=1870"}],"version-history":[{"count":17,"href":"https:\/\/mosaicorefugees.org\/fr\/wp-json\/wp\/v2\/pages\/1870\/revisions"}],"predecessor-version":[{"id":4286,"href":"https:\/\/mosaicorefugees.org\/fr\/wp-json\/wp\/v2\/pages\/1870\/revisions\/4286"}],"wp:attachment":[{"href":"https:\/\/mosaicorefugees.org\/fr\/wp-json\/wp\/v2\/media?parent=1870"}],"curies":[{"name":"wp","href":"https:\/\/api.w.org\/{rel}","templated":true}]}}