{"id":3830,"date":"2025-06-03T23:08:13","date_gmt":"2025-06-03T21:08:13","guid":{"rendered":"https:\/\/mosaicorefugees.org\/journee-mondiale-du-refugie-2025\/"},"modified":"2025-11-14T15:07:53","modified_gmt":"2025-11-14T14:07:53","slug":"journee-mondiale-du-refugie-2025","status":"publish","type":"page","link":"https:\/\/mosaicorefugees.org\/fr\/journee-mondiale-du-refugie-2025\/","title":{"rendered":"Journ\u00e9e mondiale du r\u00e9fugi\u00e9 2025"},"content":{"rendered":"\t\t<div data-elementor-type=\"wp-page\" data-elementor-id=\"3830\" class=\"elementor elementor-3830 elementor-2830\" data-elementor-post-type=\"page\">\n\t\t\t\t<div class=\"elementor-element elementor-element-f934f00 e-flex e-con-boxed e-con e-parent\" data-id=\"f934f00\" data-element_type=\"container\" data-e-type=\"container\">\n\t\t\t\t\t<div class=\"e-con-inner\">\n\t\t<div class=\"elementor-element elementor-element-c31bde1 e-con-full e-flex e-con e-child\" data-id=\"c31bde1\" data-element_type=\"container\" data-e-type=\"container\">\n\t\t\t\t<div class=\"elementor-element elementor-element-8fd44d9 elementor-widget elementor-widget-image\" data-id=\"8fd44d9\" data-element_type=\"widget\" data-e-type=\"widget\" data-settings=\"{&quot;sticky&quot;:&quot;top&quot;,&quot;sticky_on&quot;:[&quot;desktop&quot;],&quot;sticky_parent&quot;:&quot;yes&quot;,&quot;sticky_offset&quot;:0,&quot;sticky_effects_offset&quot;:0,&quot;sticky_anchor_link_offset&quot;:0}\" data-widget_type=\"image.default\">\n\t\t\t\t\t\t\t\t\t\t\t\t\t\t\t<img fetchpriority=\"high\" decoding=\"async\" width=\"652\" height=\"857\" src=\"https:\/\/mosaicorefugees.org\/wp-content\/uploads\/2025\/06\/locandina.png\" class=\"attachment-large size-large wp-image-2875\" alt=\"\" srcset=\"https:\/\/mosaicorefugees.org\/wp-content\/uploads\/2025\/06\/locandina.png 652w, https:\/\/mosaicorefugees.org\/wp-content\/uploads\/2025\/06\/locandina-228x300.png 228w\" sizes=\"(max-width: 652px) 100vw, 652px\" \/>\t\t\t\t\t\t\t\t\t\t\t\t\t\t\t<\/div>\n\t\t\t\t<\/div>\n\t\t<div class=\"elementor-element elementor-element-ceba64a e-con-full e-flex e-con e-child\" data-id=\"ceba64a\" data-element_type=\"container\" data-e-type=\"container\">\n\t\t\t\t<div class=\"elementor-element elementor-element-40cfdd7 elementor-widget elementor-widget-heading\" data-id=\"40cfdd7\" data-element_type=\"widget\" data-e-type=\"widget\" data-widget_type=\"heading.default\">\n\t\t\t\t\t<h2 class=\"elementor-heading-title elementor-size-default\">Programme<\/h2>\t\t\t\t<\/div>\n\t\t\t\t<div class=\"elementor-element elementor-element-5d798b6 elementor-widget elementor-widget-text-editor\" data-id=\"5d798b6\" data-element_type=\"widget\" data-e-type=\"widget\" data-widget_type=\"text-editor.default\">\n\t\t\t\t\t\t\t\t\t<h3>LUNDI 16 JUIN<\/h3><h4>Visite guid\u00e9e du mus\u00e9e \u00ab\u00a0A comme environnement\u00a0\u00bb.<\/h4><p><b>Lieu et heure :<\/b> Corso Umbria 90, Turin <br><strong>Heure :<\/strong> 17:00 &#8211; 8:30<br><b>Public cible :<\/b> activit\u00e9 destin\u00e9e aux familles issues de l&rsquo;immigration<br><b>Activit\u00e9s :<\/b> visite guid\u00e9e et deux ateliers parall\u00e8les sur le changement climatique avec des ateliers et des activit\u00e9s participatives.<br><b>En collaboration avec :<\/b> A come Ambiente<br><strong>R\u00e9servation obligatoire<\/strong> sur le <a href=\"https:\/\/docs.google.com\/forms\/d\/e\/1FAIpQLSfiNs5ZhQ2D0W5OllWJfCpQ4rhMBKasyiJ6nkQGmdaGnHH5pA\/viewform?usp=dialog\" target=\"_blank\" rel=\"noopener\">lien<\/a> suivant<\/p>\t\t\t\t\t\t\t\t<\/div>\n\t\t\t\t<div class=\"elementor-element elementor-element-ee0be4b elementor-widget elementor-widget-text-editor\" data-id=\"ee0be4b\" data-element_type=\"widget\" data-e-type=\"widget\" data-widget_type=\"text-editor.default\">\n\t\t\t\t\t\t\t\t\t<h3>MERCREDI 18 JUIN<\/h3><h4>Atelier sur le bien-\u00eatre psychologique des \u00e9tudiants r\u00e9fugi\u00e9s\u0259<\/h4><p><b><\/b><b>Lieu et heure :<\/b> Casa Valdese Hall (Corso Vittorio Emanuele II 23, Turin) <br><strong>Heure :<\/strong> 17:00-19:00<br><b>Activit\u00e9 :<\/b> atelier de partage consacr\u00e9 au bien-\u00eatre psychologique des \u00e9tudiants r\u00e9fugi\u00e9s3<br><strong>Destinataires<\/strong>: \u00e9tudiants r\u00e9fugi\u00e9s et internationaux, professeurs d&rsquo;universit\u00e9<br><b>En collaboration avec : <\/b>Universit\u00e9 de Turin, \u00c9cole polytechnique de Turin, HCR, Association Frantz Fanon, Ciac Onlus, Ufficio Pastorale Migranti, Diaconia Valdese, Famiglie accoglienti<br><strong>Acc\u00e8s gratuit<\/strong><\/p>\t\t\t\t\t\t\t\t<\/div>\n\t\t\t\t<div class=\"elementor-element elementor-element-0a3c1a1 elementor-widget elementor-widget-text-editor\" data-id=\"0a3c1a1\" data-element_type=\"widget\" data-e-type=\"widget\" data-widget_type=\"text-editor.default\">\n\t\t\t\t\t\t\t\t\t<h3>JEUDI 19 JUIN<\/h3><h4>Projection du film \u00ab\u00a0Into Paradiso\u00a0\u00bb de Paola Randi (Italie, 2010 &#8211; 104\u2032)<\/h4><p><b>Lieu et heure :<\/b> Sa lolla (C.so Umbria 28, Turin) <br><strong>Heure :<\/strong> 21.30<br><b>Activit\u00e9 :<\/b> Projection du film Into Paradiso de Paola Randi (Italie 2010, 104&prime;), en pr\u00e9sence de la r\u00e9alisatrice<br>\u00c9v\u00e9nement public et gratuit<br><b>En collaboration avec : <\/b>Associazione Museo Nazionale del Cinema, Associazione Gramsci et Les Petites Madeleines<br><strong>Entr\u00e9e gratuite <\/strong> <\/p>\t\t\t\t\t\t\t\t<\/div>\n\t\t\t\t<div class=\"elementor-element elementor-element-ebbcb57 elementor-widget elementor-widget-text-editor\" data-id=\"ebbcb57\" data-element_type=\"widget\" data-e-type=\"widget\" data-widget_type=\"text-editor.default\">\n\t\t\t\t\t\t\t\t\t<h3>JEUDI 19 JUIN<\/h3><h4>Projection du film \u00ab\u00a0Into Paradiso\u00a0\u00bb de Paola Randi (Italie, 2010 &#8211; 104\u2032)<\/h4><p><b>Lieu et heure :<\/b> Sa lolla (C.so Umbria 28, Turin) <br><strong>Heure :<\/strong> 21.30<br><b>Activit\u00e9 :<\/b> Projection du film Into Paradiso de Paola Randi (Italie 2010, 104&prime;), en pr\u00e9sence de la r\u00e9alisatrice<br>\u00c9v\u00e9nement public et gratuit<br><b>En collaboration avec : <\/b>Associazione Museo Nazionale del Cinema, Associazione Gramsci et Les Petites Madeleines<br><strong>Entr\u00e9e gratuite <\/strong> <\/p>\t\t\t\t\t\t\t\t<\/div>\n\t\t\t\t<div class=\"elementor-element elementor-element-685c71e elementor-widget elementor-widget-text-editor\" data-id=\"685c71e\" data-element_type=\"widget\" data-e-type=\"widget\" data-widget_type=\"text-editor.default\">\n\t\t\t\t\t\t\t\t\t<h3>VENDREDI 20 JUIN  <\/h3><h4>Comm\u00e9moration institutionnelle de la Journ\u00e9e mondiale des r\u00e9fugi\u00e9s<\/h4><p><b>Lieu :<\/b> Salle rouge de la mairie de Turin (Piazza Palazzo di Citt\u00e0 1) <br><strong>Heure :<\/strong> 11:00-13:00<br><strong>Activit\u00e9s : <\/strong>Comm\u00e9moration institutionnelle de la Journ\u00e9e mondiale des r\u00e9fugi\u00e9s.<br><b>En collaboration avec :<\/b> Ville de Turin, UNHCR<\/p><p>Intervenants :<\/p><ul><li aria-level=\"1\">Colette Njiasse Meffire, Pr\u00e9sidente de l&rsquo;association Mosaico<\/li><li aria-level=\"1\">Maria Grazia Grippo, pr\u00e9sidente du conseil municipal<\/li><li aria-level=\"1\">Jacopo Rosatelli, conseiller pour le bien-\u00eatre, les droits et l&rsquo;\u00e9galit\u00e9 des chances<\/li><li aria-level=\"1\">Abdullahi Ahmed Abdullahi, Pr\u00e9sident de la Commission du Conseil contre les ph\u00e9nom\u00e8nes d&rsquo;intol\u00e9rance et de racisme<\/li><li aria-level=\"1\">Amie Senghore Senghore, Communaut\u00e9 gambienne<\/li><li aria-level=\"1\">Nafe Fadel Mohamed, artiste et \u00e9tudiant universitaire<\/li><li aria-level=\"1\">Regina Imoape Igimoh, Mentorat Universit\u00e9 de Turin<\/li><li aria-level=\"1\">Yannick Nkemto Nkenja, Groupe Maurice R\u00e9fugi\u00e9s<\/li><li aria-level=\"1\">Jeremie Baguma, b\u00e9n\u00e9ficiaire du projet Labor Pathways<\/li><li aria-level=\"1\">Hamdi Ali Farah, Association Mosaico &#8211; i Rifugiati<\/li><li aria-level=\"1\">Massimo Gnone, associ\u00e9 \u00e0 l&rsquo;int\u00e9gration, HCR<\/li><\/ul><p><b>R\u00e9servation obligatoire en cliquant sur le lien : <\/b><a href=\"https:\/\/docs.google.com\/forms\/d\/e\/1FAIpQLScsUBmlPSkIjjBUGzs816wNQBM-xZZZHogUGpIAaS1XZsTkzA\/viewform?usp=dialog\" target=\"_blank\" rel=\"noopener\">https:\/\/docs.google.com\/forms\/d\/e\/1FAIpQLScsUBmlPSkIjjBUGzs816wNQBM-xZZZHogUGpIAaS1XZsTkzA\/viewform?usp=dialog<\/a><\/p><p> <\/p><h4>Projection du film \u00ab\u00a0Oltre la valle\u00a0\u00bb de Virginia Bellizzi (Italie, 2023 &#8211; 80\u2032)<\/h4><p><b>Lieu et heure :<\/b> InformaGiovani Il Punto (Via Fagnano 30\/2) 18 h &#8211; 22 h<br><b>Activit\u00e9s :<\/b> Projection du film Oltre la valle ! de Virginia Bellizzi (Italie 2023, 80&prime;), en pr\u00e9sence de la r\u00e9alisatrice. La projection sera pr\u00e9c\u00e9d\u00e9e d&rsquo;une masterclass sur le cin\u00e9ma documentaire anim\u00e9e par Virginia Bellizzi de 18 \u00e0 20 heures ;<br><b>R\u00e9servation obligatoire<\/b>: \u00e9crire \u00e0 <a href=\"mailto:enigma.residente.torino@gmail.com\">enigma.residente.torino@gmail.com<\/a><b><br>Manifestation organis\u00e9e par :<\/b> Association du mus\u00e9e national du cin\u00e9ma<\/p><p> <\/p><h4>Participation \u00e0 l&rsquo;\u00e9v\u00e9nement \u00ab\u00a0Je suis le bienvenu\u00a0\u00bb.<\/h4><p><b>Lieu et heure :<\/b> Mus\u00e9e \u00e9gyptien (Via Accademia delle Scienze 6, Turin)  <br><strong>Horaire :<\/strong> \u00e0 partir de 19h00<br><b>Activit\u00e9s :<\/b> Mosaico participe avec un stand d&rsquo;information. \u00c0 partir de 19 heures, la musique animera les deux mus\u00e9es concern\u00e9s dans une ambiance multiculturelle <br><strong>Pour plus d&rsquo;informations <a href=\"https:\/\/www.museoegizio.it\/esplora\/notizie\/torna-io-sono-benvenuto-20-giugno-2025\/\" target=\"_blank\" rel=\"noopener\">, consultez le site<\/a><\/strong><\/p>\t\t\t\t\t\t\t\t<\/div>\n\t\t\t\t<div class=\"elementor-element elementor-element-99c8d1a elementor-widget elementor-widget-text-editor\" data-id=\"99c8d1a\" data-element_type=\"widget\" data-e-type=\"widget\" data-widget_type=\"text-editor.default\">\n\t\t\t\t\t\t\t\t\t<h3>SAMEDI 21 JUIN<\/h3><h4>Exposition d&rsquo;art, spectacle musical et d\u00eener social \u00ab\u00a0Feeling at Home\u00a0\u00bb.<\/h4><p><b>Lieu : <\/b>Centre culturel Dar al Hikma (Via Gianfrancesco Fiochetto 15, Turin) <br><strong>Heure :<\/strong> \u00e0 partir de 17h00<\/p><p>L&rsquo;\u00e9v\u00e9nement sera ouvert par les salutations institutionnelles de :<\/p><ol><li aria-level=\"1\">Maria Grazia Grippo, pr\u00e9sidente du conseil municipal<\/li><li aria-level=\"1\">Younis Tawfik, pr\u00e9sident du centre culturel Dar al Hikma<\/li><li aria-level=\"1\">Colette Njiasse Meffire, Pr\u00e9sidente de Mosaico &#8211; Azioni Azioni per i Rifugiati<\/li><li aria-level=\"1\">Giampiero Leo, Vice-pr\u00e9sident du Comit\u00e9 r\u00e9gional des droits de l&rsquo;homme<\/li><\/ol><p>Au cours de la soir\u00e9e, l&rsquo;exposition du concours d&rsquo;art \u00ab\u00a0Ai Miei Sogni Non Renuncio\u00a0\u00bb (\u00c0 mes r\u00eaves je n&rsquo;abandonne pas) sera inaugur\u00e9e. Elle rassemble des \u0153uvres d&rsquo;artistes r\u00e9fugi\u00e9s et migrants\u0259 s\u00e9lectionn\u00e9es dans le cadre du concours d&rsquo;art \u00ab\u00a0Ai Miei Sogni Non Renuncio\u00a0\u00bb organis\u00e9 par Mosaico et les \u0153uvres de l&rsquo;artiste R\u00e9n\u00e9 Bokoul.<\/p><p>Les artistes laur\u00e9ats, ainsi que d&rsquo;autres participants, ont pris part \u00e0 une r\u00e9sidence artistique \u00e0 Orsolina 28 du 17 au 19 juin, sous la direction de l&rsquo;artiste Val\u00e9rie Tameu.  <\/p><p>Les travaux r\u00e9alis\u00e9s par le groupe de femmes r\u00e9fugi\u00e9es \u00ab\u00a0We are not alone\u00a0\u00bb seront \u00e9galement pr\u00e9sent\u00e9s.<br>La soir\u00e9e se terminera par une repr\u00e9sentation de la chorale \u00ab\u00a0Gli Abbaini\u00a0\u00bb et un d\u00eener social partag\u00e9.<\/p><p>Au cours de l&rsquo;\u00e9v\u00e9nement, il est possible de recevoir des informations sur le programme \u00ab\u00a0Community Matching\u00a0\u00bb.<\/p><p><strong>R\u00e9servation obligatoire pour le d\u00eener social \u00e0 l&rsquo;adresse suivante <\/strong><a href=\"https:\/\/docs.google.com\/forms\/d\/e\/1FAIpQLSds97nD47S2rDVzWmalNGNKJW1v4Db5A-kVX1ERFPvu53ONkQ\/viewform?usp=dialog\" target=\"_blank\" rel=\"noopener\">https:\/\/docs.google.com\/forms\/d\/e\/1FAIpQLSds97nD47S2rDVzWmalNGNKJW1v4Db5A-kVX1ERFPvu53ONkQ\/viewform?usp=dialog<\/a><\/p><p><strong>En collaboration avec :<\/strong> Fondation Lavazza, Orsolina 28, CIAC Impresa Sociale \/ Community Matching, Centre Dar al Hikma<\/p>\t\t\t\t\t\t\t\t<\/div>\n\t\t\t\t<div class=\"elementor-element elementor-element-7f0adfc elementor-widget elementor-widget-text-editor\" data-id=\"7f0adfc\" data-element_type=\"widget\" data-e-type=\"widget\" data-widget_type=\"text-editor.default\">\n\t\t\t\t\t\t\t\t\t<h3>LUNDI 23 JUIN<\/h3><h4>Atelier \u00ab\u00a0Alimentation et climat : se nourrir en p\u00e9riode de migration et de changement\u00a0\u00bb.<\/h4><p><strong>Lieu :<\/strong> Viale Ottavio Mario Mai  <br><strong>Horaire :<\/strong> \u00e0 partir de 18h00<br><strong>Activit\u00e9 :<\/strong> Atelier participatif pour explorer l&rsquo;impact du changement climatique sur les habitudes alimentaires dans diff\u00e9rents contextes g\u00e9ographiques de migration. A travers diff\u00e9rentes \u00e9tudes de cas, nous explorerons comment la dimension quotidienne de l&rsquo;alimentation est affect\u00e9e par la crise environnementale et la migration forc\u00e9e. <br><strong>En coop\u00e9ration avec :<\/strong> Association QuFooMa<\/p>\t\t\t\t\t\t\t\t<\/div>\n\t\t\t\t<\/div>\n\t\t\t\t\t<\/div>\n\t\t\t\t<\/div>\n\t\t\t\t<\/div>\n\t\t","protected":false},"excerpt":{"rendered":"<p>Il ne s&rsquo;agit pas d&rsquo;un \u00e9v\u00e9nement unique, mais d&rsquo;un vaste calendrier d&rsquo;initiatives dans toute la ville, impliquant des r\u00e9fugi\u00e9s, des citoyens, des institutions, des \u00e9coles, des universit\u00e9s, des organismes culturels et sociaux.<\/p>\n","protected":false},"author":1,"featured_media":0,"parent":0,"menu_order":0,"comment_status":"closed","ping_status":"closed","template":"","meta":{"footnotes":""},"class_list":["post-3830","page","type-page","status-publish","hentry"],"_links":{"self":[{"href":"https:\/\/mosaicorefugees.org\/fr\/wp-json\/wp\/v2\/pages\/3830","targetHints":{"allow":["GET"]}}],"collection":[{"href":"https:\/\/mosaicorefugees.org\/fr\/wp-json\/wp\/v2\/pages"}],"about":[{"href":"https:\/\/mosaicorefugees.org\/fr\/wp-json\/wp\/v2\/types\/page"}],"author":[{"embeddable":true,"href":"https:\/\/mosaicorefugees.org\/fr\/wp-json\/wp\/v2\/users\/1"}],"replies":[{"embeddable":true,"href":"https:\/\/mosaicorefugees.org\/fr\/wp-json\/wp\/v2\/comments?post=3830"}],"version-history":[{"count":3,"href":"https:\/\/mosaicorefugees.org\/fr\/wp-json\/wp\/v2\/pages\/3830\/revisions"}],"predecessor-version":[{"id":4279,"href":"https:\/\/mosaicorefugees.org\/fr\/wp-json\/wp\/v2\/pages\/3830\/revisions\/4279"}],"wp:attachment":[{"href":"https:\/\/mosaicorefugees.org\/fr\/wp-json\/wp\/v2\/media?parent=3830"}],"curies":[{"name":"wp","href":"https:\/\/api.w.org\/{rel}","templated":true}]}}