{"id":3970,"date":"2022-06-09T20:30:15","date_gmt":"2022-06-09T18:30:15","guid":{"rendered":"https:\/\/mosaicorefugees.org\/journee-mondiale-du-refugie-2022\/"},"modified":"2025-11-03T15:13:38","modified_gmt":"2025-11-03T14:13:38","slug":"journee-mondiale-du-refugie-2022","status":"publish","type":"page","link":"https:\/\/mosaicorefugees.org\/fr\/journee-mondiale-du-refugie-2022\/","title":{"rendered":"Journ\u00e9e mondiale du r\u00e9fugi\u00e9 2022"},"content":{"rendered":"\t\t<div data-elementor-type=\"wp-page\" data-elementor-id=\"3970\" class=\"elementor elementor-3970 elementor-2192\" data-elementor-post-type=\"page\">\n\t\t\t\t<div class=\"elementor-element elementor-element-8dc6e1d e-flex e-con-boxed e-con e-parent\" data-id=\"8dc6e1d\" data-element_type=\"container\" data-e-type=\"container\">\n\t\t\t\t\t<div class=\"e-con-inner\">\n\t\t<div class=\"elementor-element elementor-element-dd1b11d e-con-full e-flex e-con e-child\" data-id=\"dd1b11d\" data-element_type=\"container\" data-e-type=\"container\">\n\t\t\t\t<div class=\"elementor-element elementor-element-2429e66 elementor-widget elementor-widget-image\" data-id=\"2429e66\" data-element_type=\"widget\" data-e-type=\"widget\" data-settings=\"{&quot;sticky&quot;:&quot;top&quot;,&quot;sticky_on&quot;:[&quot;desktop&quot;],&quot;sticky_parent&quot;:&quot;yes&quot;,&quot;sticky_offset&quot;:0,&quot;sticky_effects_offset&quot;:0,&quot;sticky_anchor_link_offset&quot;:0}\" data-widget_type=\"image.default\">\n\t\t\t\t\t\t\t\t\t\t\t\t\t\t\t<img fetchpriority=\"high\" decoding=\"async\" width=\"717\" height=\"1024\" src=\"https:\/\/mosaicorefugees.org\/wp-content\/uploads\/2022\/06\/manifesto-GMR22_3-1-717x1024.jpg\" class=\"attachment-large size-large wp-image-2234\" alt=\"\" srcset=\"https:\/\/mosaicorefugees.org\/wp-content\/uploads\/2022\/06\/manifesto-GMR22_3-1-717x1024.jpg 717w, https:\/\/mosaicorefugees.org\/wp-content\/uploads\/2022\/06\/manifesto-GMR22_3-1-210x300.jpg 210w, https:\/\/mosaicorefugees.org\/wp-content\/uploads\/2022\/06\/manifesto-GMR22_3-1-768x1098.jpg 768w, https:\/\/mosaicorefugees.org\/wp-content\/uploads\/2022\/06\/manifesto-GMR22_3-1-1075x1536.jpg 1075w, https:\/\/mosaicorefugees.org\/wp-content\/uploads\/2022\/06\/manifesto-GMR22_3-1-700x1000.jpg 700w, https:\/\/mosaicorefugees.org\/wp-content\/uploads\/2022\/06\/manifesto-GMR22_3-1.jpg 1417w\" sizes=\"(max-width: 717px) 100vw, 717px\" \/>\t\t\t\t\t\t\t\t\t\t\t\t\t\t\t<\/div>\n\t\t\t\t<\/div>\n\t\t<div class=\"elementor-element elementor-element-95b853a e-con-full e-flex e-con e-child\" data-id=\"95b853a\" data-element_type=\"container\" data-e-type=\"container\">\n\t\t\t\t<div class=\"elementor-element elementor-element-a527aa7 elementor-widget elementor-widget-heading\" data-id=\"a527aa7\" data-element_type=\"widget\" data-e-type=\"widget\" data-widget_type=\"heading.default\">\n\t\t\t\t\t<h2 class=\"elementor-heading-title elementor-size-default\">Programme<\/h2>\t\t\t\t<\/div>\n\t\t\t\t<div class=\"elementor-element elementor-element-44ae86e elementor-widget elementor-widget-text-editor\" data-id=\"44ae86e\" data-element_type=\"widget\" data-e-type=\"widget\" data-widget_type=\"text-editor.default\">\n\t\t\t\t\t\t\t\t\t<p>DU 17 AU 20 JUIN 2022<br>SPECTACLES MUSICAUX, RENCONTRES, MOMENTS DE PARTAGE ET EXPOSITION DU PEINTRE REN\u00c9 BOKOUL<\/p><p>Tous les \u00e9v\u00e9nements, \u00e0 l&rsquo;exception de l&rsquo;ouverture de la Salle rouge, sont ouverts au public. Pour des raisons de capacit\u00e9 limit\u00e9e et de r\u00e9glementation Covid, l&rsquo;<strong>inscription est obligatoire<\/strong> pour les \u00e9v\u00e9nements organis\u00e9s \u00e0 la Maison vaudoise et \u00e0 la Maison de quartier. <\/p><p><a href=\"https:\/\/bit.ly\/3Q7RnSm\" target=\"_blank\" rel=\"noopener\"><b>INSCRIVEZ-VOUS ICI<\/b><\/a><\/p><h3>Vendredi 17 juin 2022<\/h3><p><strong>Ouverture de la Journ\u00e9e mondiale du r\u00e9fugi\u00e9 &#8211; <\/strong>10 heures Salle rouge de l&rsquo;h\u00f4tel de ville de Turin. Intervenants :<\/p><ul><li><strong>Colette Meffire<\/strong>, <em>Pr\u00e9sidente Mosaic-Actions pour les r\u00e9fugi\u00e9s<\/em><\/li><li><strong>Berthin Nzonza<\/strong>, <em>directeur de Mosaic Refugee Action<\/em><\/li><li><strong>Jacopo Rosatelli<\/strong>, <em>conseiller pour les politiques sociales et l&rsquo;\u00e9galit\u00e9 des chances de la ville de Turin<\/em><\/li><li><strong>Maria Grazia Grippo<\/strong>, <em>pr\u00e9sidente du conseil municipal de Turin<\/em><\/li><li><strong>Abdullahi Ahmed Abdullahi<\/strong>, <em>pr\u00e9sident de la commission du Conseil sp\u00e9cial pour la lutte contre l&rsquo;intol\u00e9rance, le racisme, l&rsquo;antis\u00e9mitisme et l&rsquo;incitation \u00e0 la haine et \u00e0 la violence<\/em><\/li><li><strong>Catherine Woollard<\/strong>, <em>Secr\u00e9taire g\u00e9n\u00e9rale Directrice d&rsquo;ECRE<\/em><\/li><li><strong>Carlotta Sami<\/strong>, <em>Senior Regional Public Information Officer, Spokeperson UNHCR<\/em><\/li><\/ul><p><strong>Inauguration de l&rsquo;exposition du peintre Ren\u00e9 Bokoul \u00ab\u00a0Turin : ma fen\u00eatre sur l&rsquo;Europe\u00a0\u00bb avec un ap\u00e9ritif et une rencontre avec l&rsquo;artiste<\/strong><\/p><p>12 heures Mus\u00e9e historique Reale Mutua Assicurazioni. V\u0153ux d&rsquo;inauguration en pr\u00e9sence des institutions de la ville de Turin.  Intervenants :<\/p><ul><li><strong>Virginia Antonini<\/strong>, <em>Reale Mutua Assicurazioni<\/em><\/li><li><strong>Ruth Kiyindou<\/strong>, <em>vice-pr\u00e9sidente de Mosaic Refugee Action<\/em><\/li><\/ul><p><strong>La bureaucratie : une v\u00e9ritable fronti\u00e8re (INSCRIVEZ-VOUS <a href=\"https:\/\/bit.ly\/3Q7RnSm\" target=\"_blank\" rel=\"noopener\">ICI<\/a>) &#8211; <\/strong>17 heures Sala Casa Valdese (Corso Vittorio Emanuele II, 23) &#8211; Mod\u00e9ratrice : <strong>Sara Tourn<\/strong>, <em>journaliste r\u00e9formiste. <\/em>Intervenants :<\/p><ul><li><strong>Yagoub Kibeida<\/strong>, <em>directeur ex\u00e9cutif de Mosaic Refugee Action<\/em><\/li><li><strong>Maurizio Veglio<\/strong>, <em>avocat Kriol<\/em><\/li><li><strong>Barbara Sorgoni<\/strong>, <em>professeur d&rsquo;anthropologie \u00e0 l&rsquo;universit\u00e9 de Turin<\/em><\/li><li><strong>Federico Lera<\/strong>, <em>Amnesty International<\/em><\/li><li><strong>Syed Hasnain<\/strong>, <em>Pr\u00e9sident de l&rsquo;UNIRE<\/em><\/li><\/ul><h3>Samedi 18 juin 2022<\/h3><p><strong>Table ronde des talents artistiques (INSCRIVEZ-VOUS <a href=\"https:\/\/bit.ly\/3Q7RnSm\" target=\"_blank\" rel=\"noopener\">ICI<\/a>). <\/strong>11 heures Sala Casa Valdese (Corso Vittorio Emanuele II, 23). Mod\u00e9ratrice : <strong>Debora Boaglio<\/strong>, <em>chercheuse <\/em>. Intervenants : <\/p><ul><li><strong>R\u00e9n\u00e9 Bokoul<\/strong>, <em>artiste congolais vivant \u00e0 Limoge &#8211; France<\/em><\/li><li><strong>Olga Diabina<\/strong>, <em>m\u00e9diatrice et artiste ukrainienne<\/em><\/li><li><strong>Naf\u00e9 Fadel<\/strong>, <em>\u00e9tudiant et artiste de Mauritanie-Cameroun<\/em><\/li><li><strong>Michael Wassouf<\/strong>, <em>architecte et artiste syrien<\/em><\/li><li><strong>Paola Fraschia<\/strong>, <em>ma\u00eetre de conf\u00e9rences et chercheur en droit \u00e0 l&rsquo;universit\u00e9 de Turin et artiste<\/em><\/li><\/ul><p><strong>Les r\u00e9fugi\u00e9s et l&rsquo;environnement (INSCRIVEZ-VOUS <a href=\"https:\/\/bit.ly\/3Q7RnSm\" target=\"_blank\" rel=\"noopener\">ICI<\/a>). <\/strong>17 heures Sala Casa Valdese (Corso Vittorio Emanuele II, 23). En collaboration avec le collectif de l&rsquo;universit\u00e9 Ecologia Politica Torino<br>Introduit par <strong>Alessandro Mannato<\/strong>, <em>collectif Ecologia Politica Torino<\/em><br>Mod\u00e9r\u00e9 par <strong>Giuliana San\u00f2<\/strong>, <em>professeur d&rsquo;anthropologie \u00e0 l&rsquo;universit\u00e9 de Messine <\/em>. Intervenants : <\/p><ul><li><strong>Antonello Mangano<\/strong>, <em>journaliste jacobin et fondateur de Terre Libere<\/em><\/li><li><strong>Jean-Ren\u00e8 Bilongo<\/strong>, <em>syndicaliste FLAI- CGIL et collaborateur de l&rsquo;Observatoire Placido Rizzotto<\/em><\/li><li><strong>Nouhoum Traor\u00e9<\/strong>, <em>Mosa\u00efque-Actions pour les r\u00e9fugi\u00e9s<\/em><\/li><li><strong>Simone Tosi<\/strong>, <em>chercheur en sciences agricoles \u00e0 l&rsquo;universit\u00e9 de Turin<\/em><br><strong>Eugenio Alfano<\/strong>, <em>avocat de l&rsquo;ASGI<\/em><\/li><\/ul><h3>Dimanche 19 juin 2022<\/h3><p><strong>\u00c9v\u00e9nement social \u00ab\u00a0Feel at home\u00a0\u00bb (INSCRIVEZ-VOUS <a href=\"https:\/\/bit.ly\/3Q7RnSm\" target=\"_blank\" rel=\"noopener\">ICI<\/a>)<\/strong>. <strong>D\u00eener de couscous et spectacle musical<\/strong><br>17 h. Casa del Quartiere di San Salvario &#8211; Luoghi comuni. Intervenants :<\/p><ul><li><strong>Colette Meffire<\/strong>, Pr\u00e9sidente Mosaic-Actions pour les r\u00e9fugi\u00e9s<\/li><li><strong>Jacopo Rosatelli<\/strong>, conseiller pour les politiques sociales et l&rsquo;\u00e9galit\u00e9 des chances de la ville de Turin<\/li><li><strong>Roberto Arnaudo<\/strong>, Directeur de la Maison de quartier de San Salvario<\/li><li><strong>Performance musicale<\/strong><\/li><li><strong>Ibson Daone<\/strong>, <em>musicien<\/em><\/li><li><strong>Paola Fraschia<\/strong>, <em>artiste<\/em><\/li><li><strong>Abdalla Abdalla Saleh<\/strong>, <em>rappeur<\/em><\/li><\/ul><h3>Lundi 20 juin 2022<\/h3><p><strong>\u00c9v\u00e9nement national de diffusion du kit de formation et ap\u00e9ritif par le projet \u00ab\u00a0Kit de formation pour l&rsquo;autonomisation des organisations communautaires dirig\u00e9es par des r\u00e9fugi\u00e9s\u00a0\u00bb (INSCRIVEZ-VOUS <a href=\"https:\/\/bit.ly\/3Q7RnSm\" target=\"_blank\" rel=\"noopener\">ICI<\/a>). <\/strong>10 heures Sala Casa Valdese (Corso Vittorio Emanuele II, 23). Intervenants :<\/p><ul><li><strong>Neil Falzon<\/strong>, <em>Fondation Aditus Malte<\/em><\/li><li><strong>Debora Boaglio<\/strong>, <em>Chercheur<\/em><\/li><li><strong>Leila Giannetto<\/strong>, <em>Chercheur Institut universitaire europ\u00e9en<\/em><\/li><li><em><strong>Jasmine Mittendorff<\/strong>,<\/em> assistante principale d&rsquo;information publique HCR<\/li><li><strong>Yagoub Kibeida<\/strong>, <em>directeur ex\u00e9cutif de Mosaic-Actions for Refugees<\/em>, <em>repr\u00e9sentant des institutions<\/em><\/li><\/ul><p><strong>La voie de l&rsquo;asile dans un nouveau sc\u00e9nario de conflits internationaux et un ap\u00e9ritif offert en collaboration avec le projet \u00ab\u00a0Community Matching\u00a0\u00bb (INSCRIVEZ-VOUS <a href=\"https:\/\/bit.ly\/3Q7RnSm\" target=\"_blank\" rel=\"noopener\">ICI<\/a>). <\/strong>17 heures Sala Casa Valdese (Corso Vittorio Emanuele II, 23). Mod\u00e9rateur : <strong>Berthin Nzonza<\/strong>, <em>directeur de Mosaic-Actions for Refugees <\/em>. Intervenants : <\/p><ul><li><strong>Massimo Gnone<\/strong>, <em>Associ\u00e9 Int\u00e9gration HCR<\/em><\/li><li><strong>Chiara Marchetti<\/strong>, <em>ma\u00eetre de conf\u00e9rences en sociologie \u00e0 l&rsquo;universit\u00e9 de Milan<\/em><\/li><li><strong>Lorenzo Trucco<\/strong>, <em>avocat de l&rsquo;Asgi<\/em><\/li><li><strong>Fartun Mohamed<\/strong>, <em>Chercheur Institut universitaire europ\u00e9en<\/em><\/li><li><strong>Mustafa Ahmadi<\/strong>, <em>pr\u00e9sident de la communaut\u00e9 afghane de Turin<\/em><\/li><\/ul>\t\t\t\t\t\t\t\t<\/div>\n\t\t\t\t<\/div>\n\t\t\t\t\t<\/div>\n\t\t\t\t<\/div>\n\t\t\t\t<\/div>\n\t\t","protected":false},"excerpt":{"rendered":"<p>Il ne s&rsquo;agit pas d&rsquo;un \u00e9v\u00e9nement unique, mais d&rsquo;un vaste calendrier d&rsquo;initiatives dans toute la ville, impliquant des r\u00e9fugi\u00e9s, des citoyens, des institutions, des \u00e9coles, des universit\u00e9s, des organismes culturels et sociaux.<\/p>\n","protected":false},"author":1,"featured_media":2202,"parent":0,"menu_order":0,"comment_status":"closed","ping_status":"closed","template":"","meta":{"footnotes":""},"class_list":["post-3970","page","type-page","status-publish","has-post-thumbnail","hentry"],"_links":{"self":[{"href":"https:\/\/mosaicorefugees.org\/fr\/wp-json\/wp\/v2\/pages\/3970","targetHints":{"allow":["GET"]}}],"collection":[{"href":"https:\/\/mosaicorefugees.org\/fr\/wp-json\/wp\/v2\/pages"}],"about":[{"href":"https:\/\/mosaicorefugees.org\/fr\/wp-json\/wp\/v2\/types\/page"}],"author":[{"embeddable":true,"href":"https:\/\/mosaicorefugees.org\/fr\/wp-json\/wp\/v2\/users\/1"}],"replies":[{"embeddable":true,"href":"https:\/\/mosaicorefugees.org\/fr\/wp-json\/wp\/v2\/comments?post=3970"}],"version-history":[{"count":1,"href":"https:\/\/mosaicorefugees.org\/fr\/wp-json\/wp\/v2\/pages\/3970\/revisions"}],"predecessor-version":[{"id":3972,"href":"https:\/\/mosaicorefugees.org\/fr\/wp-json\/wp\/v2\/pages\/3970\/revisions\/3972"}],"wp:featuredmedia":[{"embeddable":true,"href":"https:\/\/mosaicorefugees.org\/fr\/wp-json\/wp\/v2\/media\/2202"}],"wp:attachment":[{"href":"https:\/\/mosaicorefugees.org\/fr\/wp-json\/wp\/v2\/media?parent=3970"}],"curies":[{"name":"wp","href":"https:\/\/api.w.org\/{rel}","templated":true}]}}