{"id":3971,"date":"2024-02-07T16:45:10","date_gmt":"2024-02-07T15:45:10","guid":{"rendered":"https:\/\/mosaicorefugees.org\/projets\/accompagner-rigugiati-vers-lautonomie\/"},"modified":"2025-11-14T15:09:35","modified_gmt":"2025-11-14T14:09:35","slug":"accompagner-rigugiati-vers-lautonomie","status":"publish","type":"page","link":"https:\/\/mosaicorefugees.org\/fr\/projets\/accompagner-rigugiati-vers-lautonomie\/","title":{"rendered":"Accompagner Rigugiati vers l&rsquo;autonomie"},"content":{"rendered":"\t\t<div data-elementor-type=\"wp-page\" data-elementor-id=\"3971\" class=\"elementor elementor-3971 elementor-2502\" data-elementor-post-type=\"page\">\n\t\t\t\t<div class=\"elementor-element elementor-element-610914f2 e-flex e-con-boxed e-con e-parent\" data-id=\"610914f2\" data-element_type=\"container\" data-e-type=\"container\">\n\t\t\t\t\t<div class=\"e-con-inner\">\n\t\t\t\t<div class=\"elementor-element elementor-element-eb82cdc elementor-widget elementor-widget-text-editor\" data-id=\"eb82cdc\" data-element_type=\"widget\" data-e-type=\"widget\" data-widget_type=\"text-editor.default\">\n\t\t\t\t\t\t\t\t\t<p>Gr\u00e2ce au pr\u00e9cieux soutien du<a href=\"https:\/\/www.ottopermillevaldese.org\/\" target=\"_blank\" rel=\"noopener\">Huit pour mille vaudois<\/a>, le projet \u00ab\u00a0Coaching pour l&rsquo;autonomie\u00a0\u00bb, tout en s&rsquo;enracinant dans le pr\u00e9c\u00e9dent <strong>projet \u00ab\u00a0Nous ne sommes pas seuls\u00a0\u00bb, en<\/strong> repr\u00e9sente une \u00e9volution dict\u00e9e par une lecture du contexte actuel et des besoins contemporains des r\u00e9fugi\u00e9s.<\/p><p>Le projet des femmes visait principalement \u00e0 lutter contre l&rsquo;isolement social et l&rsquo;ins\u00e9curit\u00e9, tant physique que psychologique, au sein de la soci\u00e9t\u00e9 d&rsquo;accueil (dans laquelle elles devaient rapidement devenir capables de repenser leur r\u00f4le en termes de relation entre le public et le priv\u00e9, entre la famille et le social), en se concentrant presque exclusivement sur les aspects culturels et psychologiques des femmes participantes.<\/p><p>Le projet \u00ab\u00a0Coaching for Autonomy\u00a0\u00bb, quant \u00e0 lui, vise \u00e0 proposer un plus grand engagement dans le coaching et l&rsquo;orientation professionnelle, l&rsquo;activation des comp\u00e9tences personnelles et l&rsquo;encouragement du protagonisme de la personne dans le tissu socio-\u00e9conomique de r\u00e9f\u00e9rence. Les b\u00e9n\u00e9ficiaires se sont vu proposer un <strong>cours intensif de langue italienne<\/strong> d&rsquo;une dur\u00e9e de deux \u00e0 trois mois, un parcours de <strong>citoyennet\u00e9 active<\/strong> (orientation vers les diff\u00e9rents aspects juridico-r\u00e9glementaires et la vie quotidienne) et des <strong>parcours personnalis\u00e9s<\/strong> (y compris l&rsquo;orientation et la formation entrepreneuriales). <\/p><p><strong>Garantir des cours de langue, de citoyennet\u00e9 et de formation professionnelle<\/strong>, c&rsquo;est fournir aux r\u00e9fugi\u00e9s des outils efficaces pour une possibilit\u00e9 concr\u00e8te d&rsquo;inclusion sociale et de r\u00e9ussite personnelle dans le contexte social, juridique, \u00e9conomique et professionnel de r\u00e9f\u00e9rence. En m\u00eame temps, leur permettre de parfaire leur formation personnelle en fonction de leurs aptitudes leur permet de s&rsquo;engager dans des parcours d&rsquo;int\u00e9gration plus r\u00e9ussis. <\/p>\t\t\t\t\t\t\t\t<\/div>\n\t\t\t\t<div class=\"elementor-element elementor-element-217116d elementor-widget elementor-widget-gallery\" data-id=\"217116d\" data-element_type=\"widget\" data-e-type=\"widget\" data-settings=\"{&quot;aspect_ratio&quot;:&quot;1:1&quot;,&quot;lazyload&quot;:&quot;yes&quot;,&quot;gallery_layout&quot;:&quot;grid&quot;,&quot;columns&quot;:4,&quot;columns_tablet&quot;:2,&quot;columns_mobile&quot;:1,&quot;gap&quot;:{&quot;unit&quot;:&quot;px&quot;,&quot;size&quot;:10,&quot;sizes&quot;:[]},&quot;gap_tablet&quot;:{&quot;unit&quot;:&quot;px&quot;,&quot;size&quot;:10,&quot;sizes&quot;:[]},&quot;gap_mobile&quot;:{&quot;unit&quot;:&quot;px&quot;,&quot;size&quot;:10,&quot;sizes&quot;:[]},&quot;link_to&quot;:&quot;file&quot;,&quot;overlay_background&quot;:&quot;yes&quot;,&quot;content_hover_animation&quot;:&quot;fade-in&quot;}\" data-widget_type=\"gallery.default\">\n\t\t\t\t\t\t\t<div class=\"elementor-gallery__container\">\n\t\t\t\t\t\t\t<a class=\"e-gallery-item elementor-gallery-item elementor-animated-content\" href=\"https:\/\/mosaicorefugees.org\/wp-content\/uploads\/2024\/02\/PHOTO-Attivita-2_qu.jpg\" data-elementor-open-lightbox=\"yes\" data-elementor-lightbox-slideshow=\"217116d\" data-elementor-lightbox-title=\"PHOTO-Attivit\u00e0 2_qu\" data-e-action-hash=\"#elementor-action%3Aaction%3Dlightbox%26settings%3DeyJpZCI6MjUzOCwidXJsIjoiaHR0cHM6XC9cL21vc2FpY29yZWZ1Z2Vlcy5vcmdcL3dwLWNvbnRlbnRcL3VwbG9hZHNcLzIwMjRcLzAyXC9QSE9UTy1BdHRpdml0YS0yX3F1LmpwZyIsInNsaWRlc2hvdyI6IjIxNzExNmQifQ%3D%3D\">\n\t\t\t\t\t<div class=\"e-gallery-image elementor-gallery-item__image\" data-thumbnail=\"https:\/\/mosaicorefugees.org\/wp-content\/uploads\/2024\/02\/PHOTO-Attivita-2_qu-1024x1024.jpg\" data-width=\"800\" data-height=\"800\" aria-label=\"\" role=\"img\" ><\/div>\n\t\t\t\t\t\t\t\t\t\t\t<div class=\"elementor-gallery-item__overlay\"><\/div>\n\t\t\t\t\t\t\t\t\t\t\t\t\t\t<\/a>\n\t\t\t\t\t\t\t<a class=\"e-gallery-item elementor-gallery-item elementor-animated-content\" href=\"https:\/\/mosaicorefugees.org\/wp-content\/uploads\/2024\/02\/Screenshot-2024-02-06-alle-12.28.13_qu.png\" data-elementor-open-lightbox=\"yes\" data-elementor-lightbox-slideshow=\"217116d\" data-elementor-lightbox-title=\"Screenshot 2024-02-06 alle 12.28.13_qu\" data-e-action-hash=\"#elementor-action%3Aaction%3Dlightbox%26settings%3DeyJpZCI6MjUzNCwidXJsIjoiaHR0cHM6XC9cL21vc2FpY29yZWZ1Z2Vlcy5vcmdcL3dwLWNvbnRlbnRcL3VwbG9hZHNcLzIwMjRcLzAyXC9TY3JlZW5zaG90LTIwMjQtMDItMDYtYWxsZS0xMi4yOC4xM19xdS5wbmciLCJzbGlkZXNob3ciOiIyMTcxMTZkIn0%3D\">\n\t\t\t\t\t<div class=\"e-gallery-image elementor-gallery-item__image\" data-thumbnail=\"https:\/\/mosaicorefugees.org\/wp-content\/uploads\/2024\/02\/Screenshot-2024-02-06-alle-12.28.13_qu.png\" data-width=\"800\" data-height=\"800\" aria-label=\"\" role=\"img\" ><\/div>\n\t\t\t\t\t\t\t\t\t\t\t<div class=\"elementor-gallery-item__overlay\"><\/div>\n\t\t\t\t\t\t\t\t\t\t\t\t\t\t<\/a>\n\t\t\t\t\t\t\t<a class=\"e-gallery-item elementor-gallery-item elementor-animated-content\" href=\"https:\/\/mosaicorefugees.org\/wp-content\/uploads\/2024\/02\/PHOTO-Attivita-4_qu.jpg\" data-elementor-open-lightbox=\"yes\" data-elementor-lightbox-slideshow=\"217116d\" data-elementor-lightbox-title=\"PHOTO-Attivit\u00e0 4_qu\" data-e-action-hash=\"#elementor-action%3Aaction%3Dlightbox%26settings%3DeyJpZCI6MjUzMCwidXJsIjoiaHR0cHM6XC9cL21vc2FpY29yZWZ1Z2Vlcy5vcmdcL3dwLWNvbnRlbnRcL3VwbG9hZHNcLzIwMjRcLzAyXC9QSE9UTy1BdHRpdml0YS00X3F1LmpwZyIsInNsaWRlc2hvdyI6IjIxNzExNmQifQ%3D%3D\">\n\t\t\t\t\t<div class=\"e-gallery-image elementor-gallery-item__image\" data-thumbnail=\"https:\/\/mosaicorefugees.org\/wp-content\/uploads\/2024\/02\/PHOTO-Attivita-4_qu.jpg\" data-width=\"768\" data-height=\"768\" aria-label=\"\" role=\"img\" ><\/div>\n\t\t\t\t\t\t\t\t\t\t\t<div class=\"elementor-gallery-item__overlay\"><\/div>\n\t\t\t\t\t\t\t\t\t\t\t\t\t\t<\/a>\n\t\t\t\t\t\t\t<a class=\"e-gallery-item elementor-gallery-item elementor-animated-content\" href=\"https:\/\/mosaicorefugees.org\/wp-content\/uploads\/2024\/02\/PHOTO-attivita-1_qu.jpg\" data-elementor-open-lightbox=\"yes\" data-elementor-lightbox-slideshow=\"217116d\" data-elementor-lightbox-title=\"PHOTO-attivit\u00e0 1_qu\" data-e-action-hash=\"#elementor-action%3Aaction%3Dlightbox%26settings%3DeyJpZCI6MjUyNiwidXJsIjoiaHR0cHM6XC9cL21vc2FpY29yZWZ1Z2Vlcy5vcmdcL3dwLWNvbnRlbnRcL3VwbG9hZHNcLzIwMjRcLzAyXC9QSE9UTy1hdHRpdml0YS0xX3F1LmpwZyIsInNsaWRlc2hvdyI6IjIxNzExNmQifQ%3D%3D\">\n\t\t\t\t\t<div class=\"e-gallery-image elementor-gallery-item__image\" data-thumbnail=\"https:\/\/mosaicorefugees.org\/wp-content\/uploads\/2024\/02\/PHOTO-attivita-1_qu-1024x1024.jpg\" data-width=\"800\" data-height=\"800\" aria-label=\"\" role=\"img\" ><\/div>\n\t\t\t\t\t\t\t\t\t\t\t<div class=\"elementor-gallery-item__overlay\"><\/div>\n\t\t\t\t\t\t\t\t\t\t\t\t\t\t<\/a>\n\t\t\t\t\t<\/div>\n\t\t\t\t\t<\/div>\n\t\t\t\t<div class=\"elementor-element elementor-element-a71c070 elementor-widget elementor-widget-text-editor\" data-id=\"a71c070\" data-element_type=\"widget\" data-e-type=\"widget\" data-widget_type=\"text-editor.default\">\n\t\t\t\t\t\t\t\t\t<h2>Information et point juridique<\/h2><p>Mosaico propose une permanence d&rsquo;information destin\u00e9e en priorit\u00e9 aux demandeurs d&rsquo;asile, aux d\u00e9tenteurs d&rsquo;une protection internationale et \u00e0 d&rsquo;autres types de protection. Cette activit\u00e9 s&rsquo;appuie actuellement sur l&rsquo;\u00e9quipe de m\u00e9diation sociale de Mosaico et vise \u00e0 cr\u00e9er un espace d&rsquo;\u00e9coute et d&rsquo;orientation, en veillant \u00e0 garantir \u00e0 chacun son propre temps et en tenant compte de la sp\u00e9cificit\u00e9 de chaque parcours individuel. Gr\u00e2ce au fonds allou\u00e9 au deuxi\u00e8me projet, trois activit\u00e9s principales ont pu \u00eatre mises en place.  <\/p><ul><li>Rationalisation du point d&rsquo;information et d\u00e9veloppement du r\u00e9seau de collaboration.<\/li><li>Ouverture du point d&rsquo;information en mai, juin et juillet.<\/li><li>Am\u00e9lioration des outils op\u00e9rationnels<\/li><\/ul><h2>Journ\u00e9e mondiale du r\u00e9fugi\u00e9<\/h2><p>Gr\u00e2ce au financement du projet, il a \u00e9t\u00e9 possible de couvrir en partie les d\u00e9penses li\u00e9es \u00e0 l&rsquo;organisation de l&rsquo;assembl\u00e9e g\u00e9n\u00e9rale annuelle d&rsquo;ECRE, qui s&rsquo;est tenue en Italie pour la premi\u00e8re fois. ECRE <strong>, le Conseil europ\u00e9en pour les r\u00e9fugi\u00e9s et les exil\u00e9s<\/strong>, est une alliance fond\u00e9e en 1974 et consiste en un r\u00e9seau de 110 ONG de 40 pays europ\u00e9ens, dont le secr\u00e9tariat est situ\u00e9 \u00e0 Bruxelles.<\/p><p>L&rsquo;alliance \u0153uvre \u00e0 la protection et \u00e0 la promotion des droits des r\u00e9fugi\u00e9s, des demandeurs d&rsquo;asile et de toutes les personnes d\u00e9plac\u00e9es de force et des migrants en Europe et \u00e0 ses fronti\u00e8res. Elle compte parmi ses membres de grandes ONG internationales et de petites associations compos\u00e9es d&rsquo;activistes engag\u00e9s. Les membres italiens sont ASGI (Associazione per gli studi giuridici sull&rsquo;immigrazione), Asilo in Europa, CIR &#8211; Consiglio Italiano per i Rifugiati et l&rsquo;Associazione MOSAICO &#8211; Azioni per i Rifugiati.  <\/p><p>Au cours de la conf\u00e9rence, l&rsquo;Europe et le d\u00e9placement ont \u00e9t\u00e9 discut\u00e9s et plus particuli\u00e8rement, parmi les diff\u00e9rents sujets abord\u00e9s d&rsquo;un point de vue europ\u00e9en, ce qui fonctionne et les le\u00e7ons \u00e0 tirer des r\u00e9ponses de l&rsquo;Union europ\u00e9enne et des \u00c9tats individuels \u00e0 la crise ukrainienne, comment les crises du syst\u00e8me d&rsquo;asile dans les \u00c9tats individuels peuvent \u00eatre \u00e9vit\u00e9es, comment l&rsquo;Europe peut se pr\u00e9parer gr\u00e2ce \u00e0 de bonnes pratiques telles que des voies d&rsquo;entr\u00e9e l\u00e9gales et s\u00fbres en Europe, avec la mise en \u0153uvre de la directive sur la protection temporaire et avec des r\u00e9formes europ\u00e9ennes en mati\u00e8re d&rsquo;asile.<\/p><p>Il a \u00e9galement abord\u00e9 la question de l&rsquo;inclusion sociale par l&rsquo;acc\u00e8s aux droits, la question sensible de la criminalisation de la soci\u00e9t\u00e9 civile, et a cherch\u00e9 \u00e0 identifier les r\u00e9ponses juridiques, politiques et pratiques les plus efficaces pour contrer la tendance croissante \u00e0 la criminalisation de la soci\u00e9t\u00e9 civile impliqu\u00e9e dans l&rsquo;aide aux r\u00e9fugi\u00e9s.<\/p><h2>Activit\u00e9s de socialisation<\/h2><p>Le 23 d\u00e9cembre 2023, une f\u00eate a \u00e9t\u00e9 organis\u00e9e pour les participantes du groupe de femmes r\u00e9fugi\u00e9es de l&rsquo;association Mosaico. Lors de cet \u00e9v\u00e9nement, un atelier d&rsquo;expression cr\u00e9ative a \u00e9t\u00e9 organis\u00e9 pour les enfants. Cette activit\u00e9 a \u00e9t\u00e9 une occasion importante de contact entre les participants et a permis une participation active de toutes les personnes pr\u00e9sentes.  <\/p>\t\t\t\t\t\t\t\t<\/div>\n\t\t\t\t\t<\/div>\n\t\t\t\t<\/div>\n\t\t\t\t<\/div>\n\t\t","protected":false},"excerpt":{"rendered":"<p>Le projet vise \u00e0 am\u00e9liorer l&rsquo;accompagnement et l&rsquo;orientation professionnelle, \u00e0 activer les comp\u00e9tences personnelles et \u00e0 encourager l&rsquo;autonomisation des r\u00e9fugi\u00e9s dans le tissu socio-\u00e9conomique local.<\/p>\n","protected":false},"author":2,"featured_media":0,"parent":598,"menu_order":0,"comment_status":"closed","ping_status":"closed","template":"","meta":{"footnotes":""},"class_list":["post-3971","page","type-page","status-publish","hentry"],"_links":{"self":[{"href":"https:\/\/mosaicorefugees.org\/fr\/wp-json\/wp\/v2\/pages\/3971","targetHints":{"allow":["GET"]}}],"collection":[{"href":"https:\/\/mosaicorefugees.org\/fr\/wp-json\/wp\/v2\/pages"}],"about":[{"href":"https:\/\/mosaicorefugees.org\/fr\/wp-json\/wp\/v2\/types\/page"}],"author":[{"embeddable":true,"href":"https:\/\/mosaicorefugees.org\/fr\/wp-json\/wp\/v2\/users\/2"}],"replies":[{"embeddable":true,"href":"https:\/\/mosaicorefugees.org\/fr\/wp-json\/wp\/v2\/comments?post=3971"}],"version-history":[{"count":3,"href":"https:\/\/mosaicorefugees.org\/fr\/wp-json\/wp\/v2\/pages\/3971\/revisions"}],"predecessor-version":[{"id":4359,"href":"https:\/\/mosaicorefugees.org\/fr\/wp-json\/wp\/v2\/pages\/3971\/revisions\/4359"}],"up":[{"embeddable":true,"href":"https:\/\/mosaicorefugees.org\/fr\/wp-json\/wp\/v2\/pages\/598"}],"wp:attachment":[{"href":"https:\/\/mosaicorefugees.org\/fr\/wp-json\/wp\/v2\/media?parent=3971"}],"curies":[{"name":"wp","href":"https:\/\/api.w.org\/{rel}","templated":true}]}}