{"id":4008,"date":"2025-10-31T12:57:02","date_gmt":"2025-10-31T11:57:02","guid":{"rendered":"https:\/\/mosaicorefugees.org\/projets\/arlekinpro\/"},"modified":"2025-11-14T15:10:01","modified_gmt":"2025-11-14T14:10:01","slug":"arlekinpro","status":"publish","type":"page","link":"https:\/\/mosaicorefugees.org\/fr\/projets\/arlekinpro\/","title":{"rendered":"ArlekinPro"},"content":{"rendered":"\t\t<div data-elementor-type=\"wp-page\" data-elementor-id=\"4008\" class=\"elementor elementor-4008 elementor-3561\" data-elementor-post-type=\"page\">\n\t\t\t\t<div class=\"elementor-element elementor-element-16f800e e-flex e-con-boxed e-con e-parent\" data-id=\"16f800e\" data-element_type=\"container\" data-e-type=\"container\">\n\t\t\t\t\t<div class=\"e-con-inner\">\n\t\t\t\t<div class=\"elementor-element elementor-element-bc07c2e elementor-widget elementor-widget-text-editor\" data-id=\"bc07c2e\" data-element_type=\"widget\" data-e-type=\"widget\" data-widget_type=\"text-editor.default\">\n\t\t\t\t\t\t\t\t\t<p><span style=\"font-weight: 400;\">Le projet envisage la r\u00e9alisation d&rsquo;un <strong>programme de formation innovant<\/strong> qui combine des moments d&rsquo;apprentissage en ligne (par le biais d&rsquo;une plateforme d\u00e9di\u00e9e) avec des exp\u00e9riences pratiques d&rsquo;immersion dans les diff\u00e9rents pays partenaires. Les participants &#8211; m\u00e9diateurs sociaux et ma\u00eetres d&rsquo;apprentissage &#8211; pourront suivre des <strong>modules th\u00e9matiques<\/strong>, faire des <strong>auto-\u00e9valuations<\/strong> de leurs comp\u00e9tences, participer \u00e0 des<strong>p\u00e9riodes de stage<\/strong> et conclure le cours par une <strong>certification reconnue<\/strong> au niveau europ\u00e9en gr\u00e2ce \u00e0 des micro-cr\u00e9dits. <\/span><\/p><h2>Objectifs<\/h2><p><span style=\"font-weight: 400;\">L&rsquo;id\u00e9e de base est double <\/span><span style=\"font-weight: 400;\">d&rsquo;une part, fournir des <strong>outils communs<\/strong> pour la formation des m\u00e9diateurs sociaux, afin qu&rsquo;ils puissent op\u00e9rer avec des comp\u00e9tences partag\u00e9es dans diff\u00e9rents contextes europ\u00e9ens ; d&rsquo;autre part, <strong>reconna\u00eetre et valoriser<\/strong> professionnellement cette figure, en cr\u00e9ant un <\/span><b>cadre de r\u00e9f\u00e9rence europ\u00e9en<\/b><span style=\"font-weight: 400;\"> pour la m\u00e9diation sociale.<\/span><\/p><h2>Un consortium de r\u00e9seaux<\/h2><p><span style=\"font-weight: 400;\">Le consortium r\u00e9unit des partenaires de six pays : <\/span><b>Cnam<\/b><span style=\"font-weight: 400;\"> (France), <\/span><b>CreE.A<\/b><span style=\"font-weight: 400;\"> (r\u00e9seau europ\u00e9en de m\u00e9diation sociale), <\/span><b>Optima<\/b><span style=\"font-weight: 400;\"> (France), <\/span><b>Universidade Lus\u00f3fona<\/b><span style=\"font-weight: 400;\"> (Portugal), <\/span><b>CEPA\u00cfM<\/b><span style=\"font-weight: 400;\"> (Espagne), <\/span><b>EGREGOS<\/b><span style=\"font-weight: 400;\"> (Belgique) et <\/span><b>Mosaico &#8211; Azioni per i Rifugiati<\/b><span style=\"font-weight: 400;\"> (Italie).<\/span><\/p><p><span style=\"font-weight: 400;\">Mosaico contribue avec le <\/span><b>module consacr\u00e9 \u00e0 la m\u00e9diation sociale avec les r\u00e9fugi\u00e9s,<\/b><span style=\"font-weight: 400;\"> en apportant au projet l&rsquo;exp\u00e9rience acquise \u00e0 Turin en mati\u00e8re de m\u00e9diation sociale avec les demandeurs d&rsquo;asile et les d\u00e9tenteurs d&rsquo;une protection internationale.<\/span><\/p><p><span style=\"font-weight: 400;\">Gr\u00e2ce \u00e0 ArlekinPro, une formation europ\u00e9enne \u00e0 la m\u00e9diation sociale alliant th\u00e9orie, pratique et certification sera disponible pour la premi\u00e8re fois, renfor\u00e7ant le r\u00f4le des m\u00e9diateurs et ouvrant de nouvelles perspectives de reconnaissance professionnelle.<\/span><\/p>\t\t\t\t\t\t\t\t<\/div>\n\t\t\t\t\t<\/div>\n\t\t\t\t<\/div>\n\t\t\t\t<\/div>\n\t\t","protected":false},"excerpt":{"rendered":"<p>ArlekinPro est un projet europ\u00e9en de trois ans (2024-2027), financ\u00e9 par Erasmus+ dans le domaine de la formation professionnelle (VET), qui a \u00e9t\u00e9 mis en place avec un objectif pr\u00e9cis : cr\u00e9er un parcours de formation structur\u00e9 dans le domaine de la m\u00e9diation sociale europ\u00e9enne.<\/p>\n","protected":false},"author":3,"featured_media":0,"parent":598,"menu_order":0,"comment_status":"closed","ping_status":"closed","template":"","meta":{"footnotes":""},"class_list":["post-4008","page","type-page","status-publish","hentry"],"_links":{"self":[{"href":"https:\/\/mosaicorefugees.org\/fr\/wp-json\/wp\/v2\/pages\/4008","targetHints":{"allow":["GET"]}}],"collection":[{"href":"https:\/\/mosaicorefugees.org\/fr\/wp-json\/wp\/v2\/pages"}],"about":[{"href":"https:\/\/mosaicorefugees.org\/fr\/wp-json\/wp\/v2\/types\/page"}],"author":[{"embeddable":true,"href":"https:\/\/mosaicorefugees.org\/fr\/wp-json\/wp\/v2\/users\/3"}],"replies":[{"embeddable":true,"href":"https:\/\/mosaicorefugees.org\/fr\/wp-json\/wp\/v2\/comments?post=4008"}],"version-history":[{"count":3,"href":"https:\/\/mosaicorefugees.org\/fr\/wp-json\/wp\/v2\/pages\/4008\/revisions"}],"predecessor-version":[{"id":4387,"href":"https:\/\/mosaicorefugees.org\/fr\/wp-json\/wp\/v2\/pages\/4008\/revisions\/4387"}],"up":[{"embeddable":true,"href":"https:\/\/mosaicorefugees.org\/fr\/wp-json\/wp\/v2\/pages\/598"}],"wp:attachment":[{"href":"https:\/\/mosaicorefugees.org\/fr\/wp-json\/wp\/v2\/media?parent=4008"}],"curies":[{"name":"wp","href":"https:\/\/api.w.org\/{rel}","templated":true}]}}