{"id":4013,"date":"2022-07-11T12:56:41","date_gmt":"2022-07-11T10:56:41","guid":{"rendered":"https:\/\/mosaicorefugees.org\/projets\/spazio-comune\/"},"modified":"2025-11-14T15:10:03","modified_gmt":"2025-11-14T14:10:03","slug":"spazio-comune","status":"publish","type":"page","link":"https:\/\/mosaicorefugees.org\/fr\/projets\/spazio-comune\/","title":{"rendered":"Spazio Comune"},"content":{"rendered":"\t\t<div data-elementor-type=\"wp-page\" data-elementor-id=\"4013\" class=\"elementor elementor-4013 elementor-2245\" data-elementor-post-type=\"page\">\n\t\t\t\t<div class=\"elementor-element elementor-element-289593c e-flex e-con-boxed e-con e-parent\" data-id=\"289593c\" data-element_type=\"container\" data-e-type=\"container\">\n\t\t\t\t\t<div class=\"e-con-inner\">\n\t\t<div class=\"elementor-element elementor-element-a15d4e8 e-con-full e-flex e-con e-child\" data-id=\"a15d4e8\" data-element_type=\"container\" data-e-type=\"container\">\n\t\t\t\t<div class=\"elementor-element elementor-element-95889b1 elementor-widget elementor-widget-text-editor\" data-id=\"95889b1\" data-element_type=\"widget\" data-e-type=\"widget\" data-widget_type=\"text-editor.default\">\n\t\t\t\t\t\t\t\t\t<p>En 2021,<strong>le HCR<\/strong> a entrepris un <strong>examen strat\u00e9gique de ses op\u00e9rations en Italie<\/strong> en cr\u00e9ant un groupe de travail avec six villes italiennes : Bari, Milan, Naples, Palerme, Rome et Turin. Les municipalit\u00e9s participantes ont sign\u00e9 la <strong>Charte pour l&rsquo;int\u00e9gration<\/strong>, qui vise \u00e0 d\u00e9velopper les services d\u00e9j\u00e0 disponibles dans les territoires pour faciliter l&rsquo;int\u00e9gration des personnes qui demandent et re\u00e7oivent une protection internationale. <\/p><p>Parmi les actions prioritaires de la Charte pour l&rsquo;int\u00e9gration figure le <strong>d\u00e9veloppement d'\u00a0\u00bbespaces communs\u00a0\u00bb : des<\/strong> centres polyvalents o\u00f9 peuvent \u00eatre concentr\u00e9s les services de base pour l&rsquo;int\u00e9gration des personnes b\u00e9n\u00e9ficiant d&rsquo;une protection internationale, selon l&rsquo;approche du <strong>\u00ab\u00a0guichet unique\u00a0\u00bb,<\/strong> bas\u00e9e sur la fourniture de services par des entit\u00e9s publiques et priv\u00e9es sous un m\u00eame toit.<\/p>\t\t\t\t\t\t\t\t<\/div>\n\t\t\t\t<\/div>\n\t\t<div class=\"elementor-element elementor-element-9fe6a4c e-con-full e-flex e-con e-child\" data-id=\"9fe6a4c\" data-element_type=\"container\" data-e-type=\"container\">\n\t\t\t\t<div class=\"elementor-element elementor-element-fe3e3cf elementor-widget elementor-widget-image\" data-id=\"fe3e3cf\" data-element_type=\"widget\" data-e-type=\"widget\" data-widget_type=\"image.default\">\n\t\t\t\t\t\t\t\t\t\t\t\t\t\t\t<img fetchpriority=\"high\" decoding=\"async\" width=\"800\" height=\"307\" src=\"https:\/\/mosaicorefugees.org\/wp-content\/uploads\/2025\/10\/Logo-Spazio-Comune-progetto-Mosaico.png\" class=\"attachment-large size-large wp-image-3459\" alt=\"\" srcset=\"https:\/\/mosaicorefugees.org\/wp-content\/uploads\/2025\/10\/Logo-Spazio-Comune-progetto-Mosaico.png 1000w, https:\/\/mosaicorefugees.org\/wp-content\/uploads\/2025\/10\/Logo-Spazio-Comune-progetto-Mosaico-300x115.png 300w, https:\/\/mosaicorefugees.org\/wp-content\/uploads\/2025\/10\/Logo-Spazio-Comune-progetto-Mosaico-768x295.png 768w\" sizes=\"(max-width: 800px) 100vw, 800px\" \/>\t\t\t\t\t\t\t\t\t\t\t\t\t\t\t<\/div>\n\t\t\t\t<\/div>\n\t\t\t\t\t<\/div>\n\t\t\t\t<\/div>\n\t\t<div class=\"elementor-element elementor-element-55934ba e-flex e-con-boxed e-con e-parent\" data-id=\"55934ba\" data-element_type=\"container\" data-e-type=\"container\">\n\t\t\t\t\t<div class=\"e-con-inner\">\n\t\t\t\t<div class=\"elementor-element elementor-element-a5db5db elementor-widget elementor-widget-text-editor\" data-id=\"a5db5db\" data-element_type=\"widget\" data-e-type=\"widget\" data-widget_type=\"text-editor.default\">\n\t\t\t\t\t\t\t\t\t<h2>Service des \u00e9trangers de la ville de Turin<\/h2><p>L&rsquo;association Mosaico est devenue un <strong>partenaire de<\/strong> mise en \u0153uvre <strong>du HCR<\/strong> en mai 2022 et a lanc\u00e9 le projet \u00a0\u00bb Spazio Comune \u00a0\u00bb au sein du service des \u00e9trangers de la <strong>ville de Turin<\/strong>, o\u00f9 elle a test\u00e9 l&rsquo;<strong>efficacit\u00e9 de l&rsquo;approche du guichet unique :<\/strong> il s&rsquo;agit entre autres de mettre \u00e0 disposition les outils de la m\u00e9diation sociale en travaillant sur la cr\u00e9ation et la r\u00e9paration des liens sociaux pour pr\u00e9venir les conflits. Par ailleurs, au sein de Spazio Comune, Mosaico travaille au d\u00e9veloppement de la collaboration interinstitutionnelle, facilite l&rsquo;orientation des dossiers et signale les cas \u00e0 la pr\u00e9fecture et \u00e0 la pr\u00e9fecture de police (notamment pour l&rsquo;obtention de documents essentiels). <\/p><p><strong>Service des \u00e9trangers : <\/strong>(+39) <a href=\"tel:01101129455\">011.011.29455<\/a> &#8211; <a href=\"mailto:infostranieri@comune.torino.it\">infostranieri@comune.torino.it<\/a><strong><br><\/strong><strong>Association Mosaico : <\/strong>(+39) <a href=\"tel:+39%203517592207\">351.759.2207<\/a> &#8211; <a href=\"mailto:con-meet-ing@mosaicorefugees.org\">con-meet-ing@mosaicorefugees.org<\/a><\/p>\t\t\t\t\t\t\t\t<\/div>\n\t\t\t\t<div class=\"elementor-element elementor-element-b60902d elementor-widget elementor-widget-n-accordion\" data-id=\"b60902d\" data-element_type=\"widget\" data-e-type=\"widget\" data-settings=\"{&quot;default_state&quot;:&quot;all_collapsed&quot;,&quot;max_items_expended&quot;:&quot;one&quot;,&quot;n_accordion_animation_duration&quot;:{&quot;unit&quot;:&quot;ms&quot;,&quot;size&quot;:400,&quot;sizes&quot;:[]}}\" data-widget_type=\"nested-accordion.default\">\n\t\t\t\t\t\t\t<div class=\"e-n-accordion\" aria-label=\"Accordion. Open links with Enter or Space, close with Escape, and navigate with Arrow Keys\">\n\t\t\t\t\t\t<details id=\"e-n-accordion-item-1900\" class=\"e-n-accordion-item\" >\n\t\t\t\t<summary class=\"e-n-accordion-item-title\" data-accordion-index=\"1\" tabindex=\"0\" aria-expanded=\"false\" aria-controls=\"e-n-accordion-item-1900\" >\n\t\t\t\t\t<span class='e-n-accordion-item-title-header'><div class=\"e-n-accordion-item-title-text\"> Service d'assistance aux \u00e9trangers <\/div><\/span>\n\t\t\t\t\t\t\t<span class='e-n-accordion-item-title-icon'>\n\t\t\t<span class='e-opened' ><svg aria-hidden=\"true\" class=\"e-font-icon-svg e-fas-minus\" viewBox=\"0 0 448 512\" xmlns=\"http:\/\/www.w3.org\/2000\/svg\"><path d=\"M416 208H32c-17.67 0-32 14.33-32 32v32c0 17.67 14.33 32 32 32h384c17.67 0 32-14.33 32-32v-32c0-17.67-14.33-32-32-32z\"><\/path><\/svg><\/span>\n\t\t\t<span class='e-closed'><svg aria-hidden=\"true\" class=\"e-font-icon-svg e-fas-plus\" viewBox=\"0 0 448 512\" xmlns=\"http:\/\/www.w3.org\/2000\/svg\"><path d=\"M416 208H272V64c0-17.67-14.33-32-32-32h-32c-17.67 0-32 14.33-32 32v144H32c-17.67 0-32 14.33-32 32v32c0 17.67 14.33 32 32 32h144v144c0 17.67 14.33 32 32 32h32c17.67 0 32-14.33 32-32V304h144c17.67 0 32-14.33 32-32v-32c0-17.67-14.33-32-32-32z\"><\/path><\/svg><\/span>\n\t\t<\/span>\n\n\t\t\t\t\t\t<\/summary>\n\t\t\t\t<div role=\"region\" aria-labelledby=\"e-n-accordion-item-1900\" class=\"elementor-element elementor-element-a68a0ae e-con-full e-flex e-con e-child\" data-id=\"a68a0ae\" data-element_type=\"container\" data-e-type=\"container\">\n\t\t\t\t<div class=\"elementor-element elementor-element-83cfde2 elementor-widget elementor-widget-text-editor\" data-id=\"83cfde2\" data-element_type=\"widget\" data-e-type=\"widget\" data-widget_type=\"text-editor.default\">\n\t\t\t\t\t\t\t\t\t<div class=\"wpb_text_column wpb_content_element \"><div class=\"wpb_wrapper\"><p><strong>Du lundi au vendredi, de 9h30 \u00e0 12h30 et de 14h \u00e0 16h30 (l&rsquo;apr\u00e8s-midi sur rendez-vous)<\/strong><\/p><\/div><\/div><div class=\"wpb_text_column wpb_content_element \"><div class=\"wpb_wrapper\"><ul><li>Informations sur les permis de s\u00e9jour et le texte consolid\u00e9 sur l&rsquo;immigration<\/li><li>Informations et conseils sur les cours d&rsquo;italien, la formation professionnelle, l&#8217;emploi, l&rsquo;\u00e9ducation, le droit \u00e0 l&rsquo;unit\u00e9 familiale, les droits de citoyennet\u00e9<\/li><li>Service de m\u00e9diation linguistique et culturelle et secr\u00e9tariat social<\/li><li>Assistance aux demandeurs et aux titulaires d&rsquo;une protection internationale<\/li><li>Assistance aux victimes de discrimination, d&rsquo;exploitation et de traite<\/li><li>Assistance aux \u00e9trangers en situation de logement difficile et\/ou d&rsquo;urgence<\/li><li>Soutien aux pratiques administratives pour les \u00e9trangers (assistance et compilation des documents relatifs \u00e0 la d\u00e9livrance, au renouvellement, \u00e0 la mise \u00e0 jour et \u00e0 la conversion des permis de s\u00e9jour, demande t\u00e9l\u00e9matique d&rsquo;autorisation de regroupement familial, r\u00e9servation de l&rsquo;examen A2 de langue italienne pour le permis de s\u00e9jour de longue dur\u00e9e de l&rsquo;UE).<\/li><li>Coordination, gestion et int\u00e9gration dans des projets minist\u00e9riels et municipaux (S.A.I. Sistema di Accoglienza ed Integrazione, Anello Forte, Fami, Piano di Inclusione Sociale).<\/li><\/ul><\/div><\/div>\t\t\t\t\t\t\t\t<\/div>\n\t\t\t\t<\/div>\n\t\t\t\t\t<\/details>\n\t\t\t\t\t\t<details id=\"e-n-accordion-item-1901\" class=\"e-n-accordion-item\" >\n\t\t\t\t<summary class=\"e-n-accordion-item-title\" data-accordion-index=\"2\" tabindex=\"-1\" aria-expanded=\"false\" aria-controls=\"e-n-accordion-item-1901\" >\n\t\t\t\t\t<span class='e-n-accordion-item-title-header'><div class=\"e-n-accordion-item-title-text\"> Point d'information Mosaico <\/div><\/span>\n\t\t\t\t\t\t\t<span class='e-n-accordion-item-title-icon'>\n\t\t\t<span class='e-opened' ><svg aria-hidden=\"true\" class=\"e-font-icon-svg e-fas-minus\" viewBox=\"0 0 448 512\" xmlns=\"http:\/\/www.w3.org\/2000\/svg\"><path d=\"M416 208H32c-17.67 0-32 14.33-32 32v32c0 17.67 14.33 32 32 32h384c17.67 0 32-14.33 32-32v-32c0-17.67-14.33-32-32-32z\"><\/path><\/svg><\/span>\n\t\t\t<span class='e-closed'><svg aria-hidden=\"true\" class=\"e-font-icon-svg e-fas-plus\" viewBox=\"0 0 448 512\" xmlns=\"http:\/\/www.w3.org\/2000\/svg\"><path d=\"M416 208H272V64c0-17.67-14.33-32-32-32h-32c-17.67 0-32 14.33-32 32v144H32c-17.67 0-32 14.33-32 32v32c0 17.67 14.33 32 32 32h144v144c0 17.67 14.33 32 32 32h32c17.67 0 32-14.33 32-32V304h144c17.67 0 32-14.33 32-32v-32c0-17.67-14.33-32-32-32z\"><\/path><\/svg><\/span>\n\t\t<\/span>\n\n\t\t\t\t\t\t<\/summary>\n\t\t\t\t<div role=\"region\" aria-labelledby=\"e-n-accordion-item-1901\" class=\"elementor-element elementor-element-6f82bf4 e-con-full e-flex e-con e-child\" data-id=\"6f82bf4\" data-element_type=\"container\" data-e-type=\"container\">\n\t\t\t\t<div class=\"elementor-element elementor-element-b3cb426 elementor-widget elementor-widget-text-editor\" data-id=\"b3cb426\" data-element_type=\"widget\" data-e-type=\"widget\" data-widget_type=\"text-editor.default\">\n\t\t\t\t\t\t\t\t\t<div class=\"wpb_text_column wpb_content_element \"><div class=\"wpb_wrapper\"><div class=\"wpb_text_column wpb_content_element \"><div class=\"wpb_wrapper\"><p><strong>Le lundi de 10h00 \u00e0 12h00 et le vendredi de 14h00 \u00e0 16h00 (sur rendez-vous).<\/strong><\/p><\/div><\/div><div class=\"wpb_text_column wpb_content_element \"><div class=\"wpb_wrapper\"><ul><li class=\"western\"><span lang=\"it-IT\">M\u00e9diation socioculturelle, \u00e9coute et planification individualis\u00e9es  <\/span><\/li><li class=\"western\"><span lang=\"it-IT\">Assistance pour les formalit\u00e9s administratives et la cr\u00e9ation d&rsquo;un SPID<\/span><\/li><li class=\"western\"><span lang=\"it-IT\">Soutien et orientation pour les \u00e9tudiants universitaires r\u00e9fugi\u00e9s<\/span><\/li><\/ul><div class=\"wpb_text_column wpb_content_element \"> <\/div><\/div><\/div><\/div><\/div>\t\t\t\t\t\t\t\t<\/div>\n\t\t\t\t<\/div>\n\t\t\t\t\t<\/details>\n\t\t\t\t\t\t<details id=\"e-n-accordion-item-1902\" class=\"e-n-accordion-item\" >\n\t\t\t\t<summary class=\"e-n-accordion-item-title\" data-accordion-index=\"3\" tabindex=\"-1\" aria-expanded=\"false\" aria-controls=\"e-n-accordion-item-1902\" >\n\t\t\t\t\t<span class='e-n-accordion-item-title-header'><div class=\"e-n-accordion-item-title-text\"> Bureau de la protection internationale ASL Turin <\/div><\/span>\n\t\t\t\t\t\t\t<span class='e-n-accordion-item-title-icon'>\n\t\t\t<span class='e-opened' ><svg aria-hidden=\"true\" class=\"e-font-icon-svg e-fas-minus\" viewBox=\"0 0 448 512\" xmlns=\"http:\/\/www.w3.org\/2000\/svg\"><path d=\"M416 208H32c-17.67 0-32 14.33-32 32v32c0 17.67 14.33 32 32 32h384c17.67 0 32-14.33 32-32v-32c0-17.67-14.33-32-32-32z\"><\/path><\/svg><\/span>\n\t\t\t<span class='e-closed'><svg aria-hidden=\"true\" class=\"e-font-icon-svg e-fas-plus\" viewBox=\"0 0 448 512\" xmlns=\"http:\/\/www.w3.org\/2000\/svg\"><path d=\"M416 208H272V64c0-17.67-14.33-32-32-32h-32c-17.67 0-32 14.33-32 32v144H32c-17.67 0-32 14.33-32 32v32c0 17.67 14.33 32 32 32h144v144c0 17.67 14.33 32 32 32h32c17.67 0 32-14.33 32-32V304h144c17.67 0 32-14.33 32-32v-32c0-17.67-14.33-32-32-32z\"><\/path><\/svg><\/span>\n\t\t<\/span>\n\n\t\t\t\t\t\t<\/summary>\n\t\t\t\t<div role=\"region\" aria-labelledby=\"e-n-accordion-item-1902\" class=\"elementor-element elementor-element-cf6fbc5 e-con-full e-flex e-con e-child\" data-id=\"cf6fbc5\" data-element_type=\"container\" data-e-type=\"container\">\n\t\t\t\t<div class=\"elementor-element elementor-element-07fcdad elementor-widget elementor-widget-text-editor\" data-id=\"07fcdad\" data-element_type=\"widget\" data-e-type=\"widget\" data-widget_type=\"text-editor.default\">\n\t\t\t\t\t\t\t\t\t<div class=\"wpb_text_column wpb_content_element \"><div class=\"wpb_wrapper\"><div class=\"wpb_text_column wpb_content_element \"><div class=\"wpb_wrapper\"><div class=\"wpb_text_column wpb_content_element \"><div class=\"wpb_wrapper\"><p><strong>Nouveau depuis le 15 juin 2022<\/strong><\/p><\/div><\/div><div class=\"wpb_text_column wpb_content_element \"><div class=\"wpb_wrapper\"><ul><li class=\"western\"><span lang=\"it-IT\">Inscription au Service national de sant\u00e9<\/span><\/li><li class=\"western\"><span lang=\"it-IT\">Choix et r\u00e9vocation du m\u00e9decin traitant  <\/span><\/li><li class=\"western\"><span lang=\"it-IT\">Services d&rsquo;information et d&rsquo;orientation ASL Ville de Turin (domiciliations, exemptions de billets, enregistrements SSN)<\/span><\/li><\/ul><\/div><\/div><\/div><\/div><\/div><\/div>\t\t\t\t\t\t\t\t<\/div>\n\t\t\t\t<\/div>\n\t\t\t\t\t<\/details>\n\t\t\t\t\t\t<details id=\"e-n-accordion-item-1903\" class=\"e-n-accordion-item\" >\n\t\t\t\t<summary class=\"e-n-accordion-item-title\" data-accordion-index=\"4\" tabindex=\"-1\" aria-expanded=\"false\" aria-controls=\"e-n-accordion-item-1903\" >\n\t\t\t\t\t<span class='e-n-accordion-item-title-header'><div class=\"e-n-accordion-item-title-text\"> Bureau de travail <\/div><\/span>\n\t\t\t\t\t\t\t<span class='e-n-accordion-item-title-icon'>\n\t\t\t<span class='e-opened' ><svg aria-hidden=\"true\" class=\"e-font-icon-svg e-fas-minus\" viewBox=\"0 0 448 512\" xmlns=\"http:\/\/www.w3.org\/2000\/svg\"><path d=\"M416 208H32c-17.67 0-32 14.33-32 32v32c0 17.67 14.33 32 32 32h384c17.67 0 32-14.33 32-32v-32c0-17.67-14.33-32-32-32z\"><\/path><\/svg><\/span>\n\t\t\t<span class='e-closed'><svg aria-hidden=\"true\" class=\"e-font-icon-svg e-fas-plus\" viewBox=\"0 0 448 512\" xmlns=\"http:\/\/www.w3.org\/2000\/svg\"><path d=\"M416 208H272V64c0-17.67-14.33-32-32-32h-32c-17.67 0-32 14.33-32 32v144H32c-17.67 0-32 14.33-32 32v32c0 17.67 14.33 32 32 32h144v144c0 17.67 14.33 32 32 32h32c17.67 0 32-14.33 32-32V304h144c17.67 0 32-14.33 32-32v-32c0-17.67-14.33-32-32-32z\"><\/path><\/svg><\/span>\n\t\t<\/span>\n\n\t\t\t\t\t\t<\/summary>\n\t\t\t\t<div role=\"region\" aria-labelledby=\"e-n-accordion-item-1903\" class=\"elementor-element elementor-element-471e710 e-con-full e-flex e-con e-child\" data-id=\"471e710\" data-element_type=\"container\" data-e-type=\"container\">\n\t\t\t\t<div class=\"elementor-element elementor-element-203d00c elementor-widget elementor-widget-text-editor\" data-id=\"203d00c\" data-element_type=\"widget\" data-e-type=\"widget\" data-widget_type=\"text-editor.default\">\n\t\t\t\t\t\t\t\t\t<div class=\"wpb_text_column wpb_content_element \"><div class=\"wpb_wrapper\"><div class=\"wpb_text_column wpb_content_element \"><div class=\"wpb_wrapper\"><div class=\"wpb_text_column wpb_content_element \"><div class=\"wpb_wrapper\"><div class=\"wpb_text_column wpb_content_element \"><div class=\"wpb_wrapper\"><p><strong>Avec l&rsquo;APL &#8211; Centre d&#8217;emploi de Turin Nord<\/strong><\/p><\/div><\/div><div class=\"wpb_text_column wpb_content_element \"><div class=\"wpb_wrapper\"><ul><li class=\"western\"><span lang=\"it-IT\">Fournir une aide au placement<\/span><\/li><li class=\"western\"><span lang=\"it-IT\">Renforcer l&#8217;employabilit\u00e9<\/span><\/li><li class=\"western\"><span lang=\"it-IT\">Orientation vers les activit\u00e9s propos\u00e9es dans le cadre des services publics de l&#8217;emploi<\/span><\/li><\/ul><div class=\"wpb_text_column wpb_content_element \"> <\/div><\/div><\/div><\/div><\/div><\/div><\/div><\/div><\/div>\t\t\t\t\t\t\t\t<\/div>\n\t\t\t\t<\/div>\n\t\t\t\t\t<\/details>\n\t\t\t\t\t\t<details id=\"e-n-accordion-item-1904\" class=\"e-n-accordion-item\" >\n\t\t\t\t<summary class=\"e-n-accordion-item-title\" data-accordion-index=\"5\" tabindex=\"-1\" aria-expanded=\"false\" aria-controls=\"e-n-accordion-item-1904\" >\n\t\t\t\t\t<span class='e-n-accordion-item-title-header'><div class=\"e-n-accordion-item-title-text\"> Programme de bienvenue <\/div><\/span>\n\t\t\t\t\t\t\t<span class='e-n-accordion-item-title-icon'>\n\t\t\t<span class='e-opened' ><svg aria-hidden=\"true\" class=\"e-font-icon-svg e-fas-minus\" viewBox=\"0 0 448 512\" xmlns=\"http:\/\/www.w3.org\/2000\/svg\"><path d=\"M416 208H32c-17.67 0-32 14.33-32 32v32c0 17.67 14.33 32 32 32h384c17.67 0 32-14.33 32-32v-32c0-17.67-14.33-32-32-32z\"><\/path><\/svg><\/span>\n\t\t\t<span class='e-closed'><svg aria-hidden=\"true\" class=\"e-font-icon-svg e-fas-plus\" viewBox=\"0 0 448 512\" xmlns=\"http:\/\/www.w3.org\/2000\/svg\"><path d=\"M416 208H272V64c0-17.67-14.33-32-32-32h-32c-17.67 0-32 14.33-32 32v144H32c-17.67 0-32 14.33-32 32v32c0 17.67 14.33 32 32 32h144v144c0 17.67 14.33 32 32 32h32c17.67 0 32-14.33 32-32V304h144c17.67 0 32-14.33 32-32v-32c0-17.67-14.33-32-32-32z\"><\/path><\/svg><\/span>\n\t\t<\/span>\n\n\t\t\t\t\t\t<\/summary>\n\t\t\t\t<div role=\"region\" aria-labelledby=\"e-n-accordion-item-1904\" class=\"elementor-element elementor-element-3453fdc e-con-full e-flex e-con e-child\" data-id=\"3453fdc\" data-element_type=\"container\" data-e-type=\"container\">\n\t\t\t\t<div class=\"elementor-element elementor-element-3bad565 elementor-widget elementor-widget-text-editor\" data-id=\"3bad565\" data-element_type=\"widget\" data-e-type=\"widget\" data-widget_type=\"text-editor.default\">\n\t\t\t\t\t\t\t\t\t<div class=\"wpb_text_column wpb_content_element \"><div class=\"wpb_wrapper\"><div class=\"wpb_text_column wpb_content_element \"><div class=\"wpb_wrapper\"><div class=\"wpb_text_column wpb_content_element \"><div class=\"wpb_wrapper\"><div class=\"wpb_text_column wpb_content_element \"><div class=\"wpb_wrapper\"><div class=\"wpb_text_column wpb_content_element \"><div class=\"wpb_wrapper\"><p><strong>Travailler \u00e0 l&rsquo;int\u00e9gration des r\u00e9fugi\u00e9s<\/strong><\/p><\/div><\/div><div class=\"wpb_text_column wpb_content_element \"><div class=\"wpb_wrapper\"><ul><li class=\"western\"><span lang=\"it-IT\">Profilage pour les parcours d&rsquo;inclusion dans les entreprises<\/span><\/li><li class=\"western\">Accompagnement lors des entretiens de s\u00e9lection<\/li><li class=\"western\">Mise en r\u00e9seau avec d&rsquo;autres organismes d&rsquo;orientation<\/li><\/ul><div class=\"wpb_text_column wpb_content_element \"> <\/div><\/div><\/div><\/div><\/div><\/div><\/div><\/div><\/div><\/div><\/div>\t\t\t\t\t\t\t\t<\/div>\n\t\t\t\t<\/div>\n\t\t\t\t\t<\/details>\n\t\t\t\t\t\t<details id=\"e-n-accordion-item-1905\" class=\"e-n-accordion-item\" >\n\t\t\t\t<summary class=\"e-n-accordion-item-title\" data-accordion-index=\"6\" tabindex=\"-1\" aria-expanded=\"false\" aria-controls=\"e-n-accordion-item-1905\" >\n\t\t\t\t\t<span class='e-n-accordion-item-title-header'><div class=\"e-n-accordion-item-title-text\"> Espace \u00e9tudiants r\u00e9fugi\u00e9s <\/div><\/span>\n\t\t\t\t\t\t\t<span class='e-n-accordion-item-title-icon'>\n\t\t\t<span class='e-opened' ><svg aria-hidden=\"true\" class=\"e-font-icon-svg e-fas-minus\" viewBox=\"0 0 448 512\" xmlns=\"http:\/\/www.w3.org\/2000\/svg\"><path d=\"M416 208H32c-17.67 0-32 14.33-32 32v32c0 17.67 14.33 32 32 32h384c17.67 0 32-14.33 32-32v-32c0-17.67-14.33-32-32-32z\"><\/path><\/svg><\/span>\n\t\t\t<span class='e-closed'><svg aria-hidden=\"true\" class=\"e-font-icon-svg e-fas-plus\" viewBox=\"0 0 448 512\" xmlns=\"http:\/\/www.w3.org\/2000\/svg\"><path d=\"M416 208H272V64c0-17.67-14.33-32-32-32h-32c-17.67 0-32 14.33-32 32v144H32c-17.67 0-32 14.33-32 32v32c0 17.67 14.33 32 32 32h144v144c0 17.67 14.33 32 32 32h32c17.67 0 32-14.33 32-32V304h144c17.67 0 32-14.33 32-32v-32c0-17.67-14.33-32-32-32z\"><\/path><\/svg><\/span>\n\t\t<\/span>\n\n\t\t\t\t\t\t<\/summary>\n\t\t\t\t<div role=\"region\" aria-labelledby=\"e-n-accordion-item-1905\" class=\"elementor-element elementor-element-2c1ce43 e-con-full e-flex e-con e-child\" data-id=\"2c1ce43\" data-element_type=\"container\" data-e-type=\"container\">\n\t\t\t\t<div class=\"elementor-element elementor-element-62ceb62 elementor-widget elementor-widget-text-editor\" data-id=\"62ceb62\" data-element_type=\"widget\" data-e-type=\"widget\" data-widget_type=\"text-editor.default\">\n\t\t\t\t\t\t\t\t\t<div class=\"wpb_text_column wpb_content_element \"><div class=\"wpb_wrapper\"><p><strong>Tous les vendredis de 14 \u00e0 17 heures.<\/strong><\/p><\/div><\/div><div class=\"wpb_text_column wpb_content_element \"><div class=\"wpb_wrapper\"><ul><li class=\"western\"><span lang=\"it-IT\">Soutien sp\u00e9cifique aux \u00e9tudiants universitaires r\u00e9fugi\u00e9s  <\/span><\/li><li class=\"western\">Accompagnement des personnes souhaitant fr\u00e9quenter les universit\u00e9s du Pi\u00e9mont<\/li><\/ul><div class=\"wpb_text_column wpb_content_element \"> <\/div><\/div><\/div>\t\t\t\t\t\t\t\t<\/div>\n\t\t\t\t<\/div>\n\t\t\t\t\t<\/details>\n\t\t\t\t\t\t<details id=\"e-n-accordion-item-1906\" class=\"e-n-accordion-item\" >\n\t\t\t\t<summary class=\"e-n-accordion-item-title\" data-accordion-index=\"7\" tabindex=\"-1\" aria-expanded=\"false\" aria-controls=\"e-n-accordion-item-1906\" >\n\t\t\t\t\t<span class='e-n-accordion-item-title-header'><div class=\"e-n-accordion-item-title-text\"> Bureau d'enregistrement <\/div><\/span>\n\t\t\t\t\t\t\t<span class='e-n-accordion-item-title-icon'>\n\t\t\t<span class='e-opened' ><svg aria-hidden=\"true\" class=\"e-font-icon-svg e-fas-minus\" viewBox=\"0 0 448 512\" xmlns=\"http:\/\/www.w3.org\/2000\/svg\"><path d=\"M416 208H32c-17.67 0-32 14.33-32 32v32c0 17.67 14.33 32 32 32h384c17.67 0 32-14.33 32-32v-32c0-17.67-14.33-32-32-32z\"><\/path><\/svg><\/span>\n\t\t\t<span class='e-closed'><svg aria-hidden=\"true\" class=\"e-font-icon-svg e-fas-plus\" viewBox=\"0 0 448 512\" xmlns=\"http:\/\/www.w3.org\/2000\/svg\"><path d=\"M416 208H272V64c0-17.67-14.33-32-32-32h-32c-17.67 0-32 14.33-32 32v144H32c-17.67 0-32 14.33-32 32v32c0 17.67 14.33 32 32 32h144v144c0 17.67 14.33 32 32 32h32c17.67 0 32-14.33 32-32V304h144c17.67 0 32-14.33 32-32v-32c0-17.67-14.33-32-32-32z\"><\/path><\/svg><\/span>\n\t\t<\/span>\n\n\t\t\t\t\t\t<\/summary>\n\t\t\t\t<div role=\"region\" aria-labelledby=\"e-n-accordion-item-1906\" class=\"elementor-element elementor-element-6d1ec23 e-con-full e-flex e-con e-child\" data-id=\"6d1ec23\" data-element_type=\"container\" data-e-type=\"container\">\n\t\t\t\t<div class=\"elementor-element elementor-element-af8f762 elementor-widget elementor-widget-text-editor\" data-id=\"af8f762\" data-element_type=\"widget\" data-e-type=\"widget\" data-widget_type=\"text-editor.default\">\n\t\t\t\t\t\t\t\t\t<div class=\"wpb_text_column wpb_content_element \"><div class=\"wpb_wrapper\"><div class=\"wpb_text_column wpb_content_element \"><div class=\"wpb_wrapper\"><p><strong>D\u00e9tachement du bureau de cohabitation<\/strong><\/p><\/div><\/div><div class=\"wpb_text_column wpb_content_element \"><div class=\"wpb_wrapper\"><ul><li class=\"western\"><span lang=\"it-IT\">Suivi des proc\u00e9dures concernant uniquement les enregistrements de r\u00e9sidence de cohabitation<\/span><\/li><li class=\"western\">Des r\u00e9unions avec les gestionnaires du bureau de cohabitation sont organis\u00e9es sur rendez-vous.<\/li><\/ul><div class=\"wpb_text_column wpb_content_element \"> <\/div><\/div><\/div><\/div><\/div>\t\t\t\t\t\t\t\t<\/div>\n\t\t\t\t<\/div>\n\t\t\t\t\t<\/details>\n\t\t\t\t\t\t<details id=\"e-n-accordion-item-1907\" class=\"e-n-accordion-item\" >\n\t\t\t\t<summary class=\"e-n-accordion-item-title\" data-accordion-index=\"8\" tabindex=\"-1\" aria-expanded=\"false\" aria-controls=\"e-n-accordion-item-1907\" >\n\t\t\t\t\t<span class='e-n-accordion-item-title-header'><div class=\"e-n-accordion-item-title-text\"> L'appariement communautaire <\/div><\/span>\n\t\t\t\t\t\t\t<span class='e-n-accordion-item-title-icon'>\n\t\t\t<span class='e-opened' ><svg aria-hidden=\"true\" class=\"e-font-icon-svg e-fas-minus\" viewBox=\"0 0 448 512\" xmlns=\"http:\/\/www.w3.org\/2000\/svg\"><path d=\"M416 208H32c-17.67 0-32 14.33-32 32v32c0 17.67 14.33 32 32 32h384c17.67 0 32-14.33 32-32v-32c0-17.67-14.33-32-32-32z\"><\/path><\/svg><\/span>\n\t\t\t<span class='e-closed'><svg aria-hidden=\"true\" class=\"e-font-icon-svg e-fas-plus\" viewBox=\"0 0 448 512\" xmlns=\"http:\/\/www.w3.org\/2000\/svg\"><path d=\"M416 208H272V64c0-17.67-14.33-32-32-32h-32c-17.67 0-32 14.33-32 32v144H32c-17.67 0-32 14.33-32 32v32c0 17.67 14.33 32 32 32h144v144c0 17.67 14.33 32 32 32h32c17.67 0 32-14.33 32-32V304h144c17.67 0 32-14.33 32-32v-32c0-17.67-14.33-32-32-32z\"><\/path><\/svg><\/span>\n\t\t<\/span>\n\n\t\t\t\t\t\t<\/summary>\n\t\t\t\t<div role=\"region\" aria-labelledby=\"e-n-accordion-item-1907\" class=\"elementor-element elementor-element-3a8924c e-con-full e-flex e-con e-child\" data-id=\"3a8924c\" data-element_type=\"container\" data-e-type=\"container\">\n\t\t\t\t<div class=\"elementor-element elementor-element-ef7e535 elementor-widget elementor-widget-text-editor\" data-id=\"ef7e535\" data-element_type=\"widget\" data-e-type=\"widget\" data-widget_type=\"text-editor.default\">\n\t\t\t\t\t\t\t\t\t<div class=\"wpb_text_column wpb_content_element \"><div class=\"wpb_wrapper\"><p><strong>Programme de mentorat de la CIAC ONLUS  <\/strong><\/p><\/div><\/div><div class=\"wpb_text_column wpb_content_element \"><div class=\"wpb_wrapper\"><ul><li class=\"western\"><span lang=\"it-IT\">Mise en relation des r\u00e9fugi\u00e9s avec des b\u00e9n\u00e9voles qui peuvent les aider sur la voie de l&rsquo;int\u00e9gration en Italie<\/span><\/li><li class=\"western\">Programme en coop\u00e9ration avec le HCR<\/li><\/ul><\/div><\/div>\t\t\t\t\t\t\t\t<\/div>\n\t\t\t\t<\/div>\n\t\t\t\t\t<\/details>\n\t\t\t\t\t<\/div>\n\t\t\t\t\t\t<\/div>\n\t\t\t\t<div class=\"elementor-element elementor-element-e538da0 elementor-widget elementor-widget-image\" data-id=\"e538da0\" data-element_type=\"widget\" data-e-type=\"widget\" data-widget_type=\"image.default\">\n\t\t\t\t\t\t\t\t\t\t\t\t\t\t\t<img decoding=\"async\" width=\"800\" height=\"152\" src=\"https:\/\/mosaicorefugees.org\/wp-content\/uploads\/2022\/07\/loghi-1024x194.jpg\" class=\"attachment-large size-large wp-image-2295\" alt=\"\" srcset=\"https:\/\/mosaicorefugees.org\/wp-content\/uploads\/2022\/07\/loghi-1024x194.jpg 1024w, https:\/\/mosaicorefugees.org\/wp-content\/uploads\/2022\/07\/loghi-300x57.jpg 300w, https:\/\/mosaicorefugees.org\/wp-content\/uploads\/2022\/07\/loghi-768x146.jpg 768w, https:\/\/mosaicorefugees.org\/wp-content\/uploads\/2022\/07\/loghi-1536x291.jpg 1536w, https:\/\/mosaicorefugees.org\/wp-content\/uploads\/2022\/07\/loghi-2048x388.jpg 2048w, https:\/\/mosaicorefugees.org\/wp-content\/uploads\/2022\/07\/loghi-700x133.jpg 700w\" sizes=\"(max-width: 800px) 100vw, 800px\" \/>\t\t\t\t\t\t\t\t\t\t\t\t\t\t\t<\/div>\n\t\t\t\t\t<\/div>\n\t\t\t\t<\/div>\n\t\t\t\t<\/div>\n\t\t","protected":false},"excerpt":{"rendered":"<p>Le service fournit aux r\u00e9fugi\u00e9s des outils de m\u00e9diation sociale en travaillant \u00e0 la cr\u00e9ation et \u00e0 la r\u00e9paration des liens sociaux afin de pr\u00e9venir les conflits.<\/p>\n","protected":false},"author":1,"featured_media":0,"parent":598,"menu_order":0,"comment_status":"closed","ping_status":"closed","template":"","meta":{"footnotes":""},"class_list":["post-4013","page","type-page","status-publish","hentry"],"_links":{"self":[{"href":"https:\/\/mosaicorefugees.org\/fr\/wp-json\/wp\/v2\/pages\/4013","targetHints":{"allow":["GET"]}}],"collection":[{"href":"https:\/\/mosaicorefugees.org\/fr\/wp-json\/wp\/v2\/pages"}],"about":[{"href":"https:\/\/mosaicorefugees.org\/fr\/wp-json\/wp\/v2\/types\/page"}],"author":[{"embeddable":true,"href":"https:\/\/mosaicorefugees.org\/fr\/wp-json\/wp\/v2\/users\/1"}],"replies":[{"embeddable":true,"href":"https:\/\/mosaicorefugees.org\/fr\/wp-json\/wp\/v2\/comments?post=4013"}],"version-history":[{"count":3,"href":"https:\/\/mosaicorefugees.org\/fr\/wp-json\/wp\/v2\/pages\/4013\/revisions"}],"predecessor-version":[{"id":4391,"href":"https:\/\/mosaicorefugees.org\/fr\/wp-json\/wp\/v2\/pages\/4013\/revisions\/4391"}],"up":[{"embeddable":true,"href":"https:\/\/mosaicorefugees.org\/fr\/wp-json\/wp\/v2\/pages\/598"}],"wp:attachment":[{"href":"https:\/\/mosaicorefugees.org\/fr\/wp-json\/wp\/v2\/media?parent=4013"}],"curies":[{"name":"wp","href":"https:\/\/api.w.org\/{rel}","templated":true}]}}