{"id":608,"date":"2019-08-02T12:38:37","date_gmt":"2019-08-02T10:38:37","guid":{"rendered":"https:\/\/mosaicorefugees.org\/soutien-aux-etudiant-refugies\/"},"modified":"2025-11-14T15:08:46","modified_gmt":"2025-11-14T14:08:46","slug":"soutien-aux-etudiant-refugies","status":"publish","type":"page","link":"https:\/\/mosaicorefugees.org\/fr\/projets\/soutien-aux-etudiant-refugies\/","title":{"rendered":"Cr\u00e9er l&rsquo;avenir &#8211; \u00c9l\u00e8ves r\u00e9fugi\u00e9s"},"content":{"rendered":"\t\t<div data-elementor-type=\"wp-page\" data-elementor-id=\"608\" class=\"elementor elementor-608 elementor-83\" data-elementor-post-type=\"page\">\n\t\t\t\t<div class=\"elementor-element elementor-element-c423094 e-flex e-con-boxed e-con e-parent\" data-id=\"c423094\" data-element_type=\"container\" data-e-type=\"container\">\n\t\t\t\t\t<div class=\"e-con-inner\">\n\t\t<div class=\"elementor-element elementor-element-ced831d e-con-full e-flex e-con e-child\" data-id=\"ced831d\" data-element_type=\"container\" data-e-type=\"container\">\n\t\t\t\t<div class=\"elementor-element elementor-element-f0e2a7d elementor-widget elementor-widget-text-editor\" data-id=\"f0e2a7d\" data-element_type=\"widget\" data-e-type=\"widget\" data-widget_type=\"text-editor.default\">\n\t\t\t\t\t\t\t\t\t<p><span style=\"font-weight: 400;\">Le projet d\u00e9coule de l&rsquo;urgence de garantir le droit d&rsquo;\u00e9tudier \u00e0 ceux qui, apr\u00e8s un parcours de migration forc\u00e9e, sont confront\u00e9s \u00e0 des barri\u00e8res linguistiques, culturelles et \u00e9conomiques qui emp\u00eachent souvent l&rsquo;acc\u00e8s \u00e0 l&rsquo;universit\u00e9 et l&rsquo;ach\u00e8vement des \u00e9tudes.<\/span><\/p><h2>L&rsquo;origine du projet<\/h2><p><span style=\"font-weight: 400;\">Depuis 2016, Mosaico accompagne les jeunes r\u00e9fugi\u00e9s dans la transition entre l&rsquo;accueil et l&rsquo;autonomie, en proposant un soutien pour l&rsquo;inscription aux cours universitaires, la reconnaissance des qualifications, l&rsquo;acc\u00e8s aux bourses et aux services, et la recherche d&rsquo;outils essentiels tels que les livres, les ordinateurs, la nourriture et l&rsquo;h\u00e9bergement. Avec l&rsquo;aide de   <\/span><i><span style=\"font-weight: 400;\">Cr\u00e9er l&rsquo;avenir<\/span><\/i><span style=\"font-weight: 400;\"> cet engagement est renforc\u00e9 et structur\u00e9 par l&rsquo;ouverture d&rsquo;un <\/span><b>Espace \u00e9tudiant<\/b><span style=\"font-weight: 400;\"> accessible deux fois par semaine, un lieu de rencontre o\u00f9 ils peuvent b\u00e9n\u00e9ficier d&rsquo;une orientation, d&rsquo;un soutien personnalis\u00e9 et d&rsquo;une \u00e9coute.<\/span><\/p>\t\t\t\t\t\t\t\t<\/div>\n\t\t\t\t<\/div>\n\t\t<div class=\"elementor-element elementor-element-c87b824 e-con-full e-flex e-con e-child\" data-id=\"c87b824\" data-element_type=\"container\" data-e-type=\"container\">\n\t\t\t\t<div class=\"elementor-element elementor-element-fa39716 elementor-widget elementor-widget-video\" data-id=\"fa39716\" data-element_type=\"widget\" data-e-type=\"widget\" data-settings=\"{&quot;video_type&quot;:&quot;vimeo&quot;}\" data-widget_type=\"video.default\">\n\t\t\t\t\t\t\t<div class=\"elementor-wrapper elementor-open-inline\">\n\t\t\t<iframe class=\"elementor-video-iframe\" allowfullscreen allow=\"clipboard-write\" title=\"Lecteur vid\u00e9o vimeo\" src=\"https:\/\/player.vimeo.com\/video\/331226863?color&amp;autopause=0&amp;loop=0&amp;muted=0&amp;title=1&amp;portrait=1&amp;byline=1#t=\"><\/iframe>\t\t<\/div>\n\t\t\t\t\t\t<\/div>\n\t\t\t\t<\/div>\n\t\t\t\t\t<\/div>\n\t\t\t\t<\/div>\n\t\t<div class=\"elementor-element elementor-element-e4287da e-flex e-con-boxed e-con e-parent\" data-id=\"e4287da\" data-element_type=\"container\" data-e-type=\"container\" data-settings=\"{&quot;background_background&quot;:&quot;classic&quot;}\">\n\t\t\t\t\t<div class=\"e-con-inner\">\n\t\t\t\t<div class=\"elementor-element elementor-element-557243e elementor-widget elementor-widget-heading\" data-id=\"557243e\" data-element_type=\"widget\" data-e-type=\"widget\" data-widget_type=\"heading.default\">\n\t\t\t\t\t<h2 class=\"elementor-heading-title elementor-size-default\">Soutien post-universitaire<\/h2>\t\t\t\t<\/div>\n\t\t\t\t<div class=\"elementor-element elementor-element-283f519 elementor-widget elementor-widget-text-editor\" data-id=\"283f519\" data-element_type=\"widget\" data-e-type=\"widget\" data-widget_type=\"text-editor.default\">\n\t\t\t\t\t\t\t\t\t<p><span style=\"font-weight: 400;\">Le projet ne se limite pas \u00e0 la dimension acad\u00e9mique : il int\u00e8gre des parcours de formation d\u00e9di\u00e9s au travail, comme le cycle de rencontres <\/span><i><span style=\"font-weight: 400;\">\u00ab\u00a0Apr\u00e8s le dipl\u00f4me<\/span><\/i><span style=\"font-weight: 400;\">destin\u00e9 \u00e0 ceux qui se pr\u00e9parent \u00e0 entrer dans des contextes professionnels qualifi\u00e9s. Les aspects pratiques tels que les contrats de travail, les comp\u00e9tences requises par les entreprises, l&rsquo;utilisation de la langue italienne dans un contexte professionnel et les rencontres directes avec les managers et les recruteurs y sont abord\u00e9s. En outre, des cours intensifs d&rsquo;italien pour le monde du travail renforcent les chances d&#8217;emploi.  <\/span><\/p>\t\t\t\t\t\t\t\t<\/div>\n\t\t\t\t\t<\/div>\n\t\t\t\t<\/div>\n\t\t<div class=\"elementor-element elementor-element-4ef13c9 e-flex e-con-boxed e-con e-parent\" data-id=\"4ef13c9\" data-element_type=\"container\" data-e-type=\"container\">\n\t\t\t\t\t<div class=\"e-con-inner\">\n\t\t\t\t<div class=\"elementor-element elementor-element-46838c0 elementor-widget elementor-widget-text-editor\" data-id=\"46838c0\" data-element_type=\"widget\" data-e-type=\"widget\" data-widget_type=\"text-editor.default\">\n\t\t\t\t\t\t\t\t\t<h2>Les \u00e9tudiants r\u00e9fugi\u00e9s au centre<\/h2><p><span style=\"font-weight: 400;\"><strong>Le protagonisme des \u00e9tudiants est au c\u0153ur du projet :<\/strong> l&rsquo;un d&rsquo;entre eux a \u00e9t\u00e9 impliqu\u00e9 en tant que tuteur, devenant un point de r\u00e9f\u00e9rence pour ses pairs et contribuant \u00e0 la construction d&rsquo;un r\u00e9seau d&rsquo;entraide. Il s&rsquo;agit d&rsquo;un exemple concret de la mani\u00e8re dont   <\/span><i><span style=\"font-weight: 400;\">Cr\u00e9er l&rsquo;avenir<\/span><\/i><span style=\"font-weight: 400;\"> n&rsquo;est pas seulement un programme de soutien, mais aussi un <strong>atelier d&rsquo;autonomisation<\/strong> et de participation.<\/span><\/p><p><span style=\"font-weight: 400;\">Chaque ann\u00e9e, <strong>au moins vingt-cinq \u00e9tudiants r\u00e9fugi\u00e9s<\/strong> s&rsquo;engagent dans cette voie. Pour certains, il s&rsquo;agit d&rsquo;atteindre la fin du cycle universitaire et d&rsquo;affronter avec plus de confiance l&rsquo;<strong>entr\u00e9e dans le monde du travail ;<\/strong> pour d&rsquo;autres, il s&rsquo;agit de faire leurs premiers pas dans une universit\u00e9, en surmontant des obstacles bureaucratiques, \u00e9conomiques et sociaux. L&rsquo;impact ne concerne pas seulement les b\u00e9n\u00e9ficiaires directs : les universit\u00e9s, les entreprises et les \u00e9tudiants italiens impliqu\u00e9s s&rsquo;enrichissent \u00e0 leur tour, en ouvrant des espaces d&rsquo;\u00e9change et de nouvelles perspectives d&rsquo;int\u00e9gration.  <\/span><\/p>\t\t\t\t\t\t\t\t<\/div>\n\t\t\t\t\t<\/div>\n\t\t\t\t<\/div>\n\t\t<div class=\"elementor-element elementor-element-698490b e-grid e-con-boxed e-con e-parent\" data-id=\"698490b\" data-element_type=\"container\" data-e-type=\"container\">\n\t\t\t\t\t<div class=\"e-con-inner\">\n\t\t\t\t<div class=\"elementor-element elementor-element-d8514ee elementor-widget elementor-widget-video\" data-id=\"d8514ee\" data-element_type=\"widget\" data-e-type=\"widget\" data-settings=\"{&quot;video_type&quot;:&quot;vimeo&quot;}\" data-widget_type=\"video.default\">\n\t\t\t\t\t\t\t<div class=\"elementor-wrapper elementor-open-inline\">\n\t\t\t<iframe class=\"elementor-video-iframe\" allowfullscreen allow=\"clipboard-write\" title=\"Lecteur vid\u00e9o vimeo\" src=\"https:\/\/player.vimeo.com\/video\/331227020?color&amp;autopause=0&amp;loop=0&amp;muted=0&amp;title=1&amp;portrait=1&amp;byline=1#t=\"><\/iframe>\t\t<\/div>\n\t\t\t\t\t\t<\/div>\n\t\t\t\t<div class=\"elementor-element elementor-element-9bb883f elementor-widget elementor-widget-video\" data-id=\"9bb883f\" data-element_type=\"widget\" data-e-type=\"widget\" data-settings=\"{&quot;video_type&quot;:&quot;vimeo&quot;}\" data-widget_type=\"video.default\">\n\t\t\t\t\t\t\t<div class=\"elementor-wrapper elementor-open-inline\">\n\t\t\t<iframe class=\"elementor-video-iframe\" allowfullscreen allow=\"clipboard-write\" title=\"Lecteur vid\u00e9o vimeo\" src=\"https:\/\/player.vimeo.com\/video\/331226967?color&amp;autopause=0&amp;loop=0&amp;muted=0&amp;title=1&amp;portrait=1&amp;byline=1#t=\"><\/iframe>\t\t<\/div>\n\t\t\t\t\t\t<\/div>\n\t\t\t\t\t<\/div>\n\t\t\t\t<\/div>\n\t\t<div class=\"elementor-element elementor-element-700f7d20 e-flex e-con-boxed e-con e-parent\" data-id=\"700f7d20\" data-element_type=\"container\" data-e-type=\"container\">\n\t\t\t\t\t<div class=\"e-con-inner\">\n\t\t\t\t<div class=\"elementor-element elementor-element-90b574b elementor-widget elementor-widget-text-editor\" data-id=\"90b574b\" data-element_type=\"widget\" data-e-type=\"widget\" data-widget_type=\"text-editor.default\">\n\t\t\t\t\t\t\t\t\t<p><b>Cr\u00e9er l&rsquo;avenir<\/b><span style=\"font-weight: 400;\"> est soutenu par la <\/span><b>Fondation Reale Mutua<\/b><span style=\"font-weight: 400;\">qui partage avec Mosaico l&rsquo;engagement de rendre le droit aux \u00e9tudes r\u00e9ellement accessible et d&rsquo;en faire un levier d&rsquo;inclusion sociale et \u00e9conomique.<\/span><\/p>\t\t\t\t\t\t\t\t<\/div>\n\t\t\t\t\t<\/div>\n\t\t\t\t<\/div>\n\t\t\t\t<\/div>\n\t\t","protected":false},"excerpt":{"rendered":"<p>Avec Creare Futuro, Mosaico soutient les \u00e9tudiants r\u00e9fugi\u00e9s qui souhaitent poursuivre leur parcours acad\u00e9mique et construire une entr\u00e9e qualifi\u00e9e dans le monde du travail.<\/p>\n","protected":false},"author":1,"featured_media":0,"parent":598,"menu_order":0,"comment_status":"closed","ping_status":"closed","template":"","meta":{"footnotes":""},"class_list":["post-608","page","type-page","status-publish","hentry"],"_links":{"self":[{"href":"https:\/\/mosaicorefugees.org\/fr\/wp-json\/wp\/v2\/pages\/608","targetHints":{"allow":["GET"]}}],"collection":[{"href":"https:\/\/mosaicorefugees.org\/fr\/wp-json\/wp\/v2\/pages"}],"about":[{"href":"https:\/\/mosaicorefugees.org\/fr\/wp-json\/wp\/v2\/types\/page"}],"author":[{"embeddable":true,"href":"https:\/\/mosaicorefugees.org\/fr\/wp-json\/wp\/v2\/users\/1"}],"replies":[{"embeddable":true,"href":"https:\/\/mosaicorefugees.org\/fr\/wp-json\/wp\/v2\/comments?post=608"}],"version-history":[{"count":13,"href":"https:\/\/mosaicorefugees.org\/fr\/wp-json\/wp\/v2\/pages\/608\/revisions"}],"predecessor-version":[{"id":4339,"href":"https:\/\/mosaicorefugees.org\/fr\/wp-json\/wp\/v2\/pages\/608\/revisions\/4339"}],"up":[{"embeddable":true,"href":"https:\/\/mosaicorefugees.org\/fr\/wp-json\/wp\/v2\/pages\/598"}],"wp:attachment":[{"href":"https:\/\/mosaicorefugees.org\/fr\/wp-json\/wp\/v2\/media?parent=608"}],"curies":[{"name":"wp","href":"https:\/\/api.w.org\/{rel}","templated":true}]}}