{"id":626,"date":"2019-08-02T12:40:59","date_gmt":"2019-08-02T10:40:59","guid":{"rendered":"https:\/\/mosaicorefugees.org\/journee-mondiale-des-refugies\/"},"modified":"2025-11-14T15:07:57","modified_gmt":"2025-11-14T14:07:57","slug":"journee-mondiale-des-refugies","status":"publish","type":"page","link":"https:\/\/mosaicorefugees.org\/fr\/journee-mondiale-des-refugies\/","title":{"rendered":"Journ\u00e9e mondiale du r\u00e9fugi\u00e9"},"content":{"rendered":"\t\t<div data-elementor-type=\"wp-page\" data-elementor-id=\"626\" class=\"elementor elementor-626 elementor-91\" data-elementor-post-type=\"page\">\n\t\t\t\t<div class=\"elementor-element elementor-element-79532276 e-flex e-con-boxed e-con e-parent\" data-id=\"79532276\" data-element_type=\"container\" data-e-type=\"container\">\n\t\t\t\t\t<div class=\"e-con-inner\">\n\t\t\t\t<div class=\"elementor-element elementor-element-f2c8617 elementor-widget elementor-widget-text-editor\" data-id=\"f2c8617\" data-element_type=\"widget\" data-e-type=\"widget\" data-widget_type=\"text-editor.default\">\n\t\t\t\t\t\t\t\t\t<p><span style=\"font-weight: 400;\">C&rsquo;est l&rsquo;occasion d&rsquo;attirer l&rsquo;attention sur le sort de millions de personnes contraintes de quitter leur pays en raison de la guerre, des pers\u00e9cutions, des crises environnementales ou d&rsquo;autres violences. <\/span><span style=\"font-weight: 400;\">Depuis 2007, Mosaic organise des c\u00e9l\u00e9brations locales \u00e0 Turin, <\/span><b>Mosaico organise des c\u00e9l\u00e9brations locales \u00e0 Turin<\/b><span style=\"font-weight: 400;\">qui, au fil des ans, se sont transform\u00e9es en un v\u00e9ritable festival : la <\/span><b>Semaine internationale des droits, de l&rsquo;environnement et des cultures<\/b><span style=\"font-weight: 400;\">. Il ne s&rsquo;agit pas d&rsquo;un \u00e9v\u00e9nement unique, mais d&rsquo;un vaste calendrier d&rsquo;initiatives dans toute la ville, impliquant des r\u00e9fugi\u00e9s, des citoyens, des institutions, des \u00e9coles, des universit\u00e9s, des organismes culturels et sociaux.<\/span><\/p>\t\t\t\t\t\t\t\t<\/div>\n\t\t\t\t\t<\/div>\n\t\t\t\t<\/div>\n\t\t<div class=\"elementor-element elementor-element-db905da e-flex e-con-boxed e-con e-parent\" data-id=\"db905da\" data-element_type=\"container\" data-e-type=\"container\" data-settings=\"{&quot;background_background&quot;:&quot;classic&quot;}\">\n\t\t\t\t\t<div class=\"e-con-inner\">\n\t\t<div class=\"elementor-element elementor-element-22d199a e-con-full e-flex e-con e-child\" data-id=\"22d199a\" data-element_type=\"container\" data-e-type=\"container\">\n\t\t<div class=\"elementor-element elementor-element-a4f83c7 e-con-full e-flex e-con e-child\" data-id=\"a4f83c7\" data-element_type=\"container\" data-e-type=\"container\">\n\t\t\t\t<div class=\"elementor-element elementor-element-8072079 elementor-widget elementor-widget-heading\" data-id=\"8072079\" data-element_type=\"widget\" data-e-type=\"widget\" data-widget_type=\"heading.default\">\n\t\t\t\t\t<h2 class=\"elementor-heading-title elementor-size-default\">Semaine internationale des droits, de l'environnement et des cultures  <\/h2>\t\t\t\t<\/div>\n\t\t\t\t<div class=\"elementor-element elementor-element-1a35cc4 elementor-widget elementor-widget-heading\" data-id=\"1a35cc4\" data-element_type=\"widget\" data-e-type=\"widget\" data-widget_type=\"heading.default\">\n\t\t\t\t\t<h2 class=\"elementor-heading-title elementor-size-default\">16 au 23 juin 2025<\/h2>\t\t\t\t<\/div>\n\t\t\t\t<\/div>\n\t\t\t\t<div class=\"elementor-element elementor-element-09210a7 elementor-widget elementor-widget-button\" data-id=\"09210a7\" data-element_type=\"widget\" data-e-type=\"widget\" data-widget_type=\"button.default\">\n\t\t\t\t\t\t\t\t\t\t<a class=\"elementor-button elementor-button-link elementor-size-sm\" href=\"https:\/\/mosaicorefugees.org\/fr\/journee-mondiale-du-refugie-2025\/\">\n\t\t\t\t\t\t<span class=\"elementor-button-content-wrapper\">\n\t\t\t\t\t\t\t\t\t<span class=\"elementor-button-text\">D\u00e9couvrez les initiatives<\/span>\n\t\t\t\t\t<\/span>\n\t\t\t\t\t<\/a>\n\t\t\t\t\t\t\t\t<\/div>\n\t\t\t\t<\/div>\n\t\t<div class=\"elementor-element elementor-element-9b17d3d e-con-full e-flex e-con e-child\" data-id=\"9b17d3d\" data-element_type=\"container\" data-e-type=\"container\">\n\t\t\t\t<div class=\"elementor-element elementor-element-be8660f elementor-widget elementor-widget-image\" data-id=\"be8660f\" data-element_type=\"widget\" data-e-type=\"widget\" data-widget_type=\"image.default\">\n\t\t\t\t\t\t\t\t\t\t\t\t\t\t\t<img fetchpriority=\"high\" decoding=\"async\" width=\"1536\" height=\"864\" src=\"https:\/\/mosaicorefugees.org\/wp-content\/uploads\/2025\/06\/1920x1080-generico2-1536x864.jpg\" class=\"attachment-1536x1536 size-1536x1536 wp-image-2845\" alt=\"\" srcset=\"https:\/\/mosaicorefugees.org\/wp-content\/uploads\/2025\/06\/1920x1080-generico2-1536x864.jpg 1536w, https:\/\/mosaicorefugees.org\/wp-content\/uploads\/2025\/06\/1920x1080-generico2-300x169.jpg 300w, https:\/\/mosaicorefugees.org\/wp-content\/uploads\/2025\/06\/1920x1080-generico2-1024x576.jpg 1024w, https:\/\/mosaicorefugees.org\/wp-content\/uploads\/2025\/06\/1920x1080-generico2-768x432.jpg 768w, https:\/\/mosaicorefugees.org\/wp-content\/uploads\/2025\/06\/1920x1080-generico2-700x394.jpg 700w, https:\/\/mosaicorefugees.org\/wp-content\/uploads\/2025\/06\/1920x1080-generico2-539x303.jpg 539w, https:\/\/mosaicorefugees.org\/wp-content\/uploads\/2025\/06\/1920x1080-generico2.jpg 1920w\" sizes=\"(max-width: 1536px) 100vw, 1536px\" \/>\t\t\t\t\t\t\t\t\t\t\t\t\t\t\t<\/div>\n\t\t\t\t<\/div>\n\t\t\t\t\t<\/div>\n\t\t\t\t<\/div>\n\t\t<div class=\"elementor-element elementor-element-390ee39 e-flex e-con-boxed e-con e-parent\" data-id=\"390ee39\" data-element_type=\"container\" data-e-type=\"container\">\n\t\t\t\t\t<div class=\"e-con-inner\">\n\t\t\t\t<div class=\"elementor-element elementor-element-8cc22b1 elementor-widget elementor-widget-text-editor\" data-id=\"8cc22b1\" data-element_type=\"widget\" data-e-type=\"widget\" data-widget_type=\"text-editor.default\">\n\t\t\t\t\t\t\t\t\t<p><span style=\"font-weight: 400;\">La Semaine est devenue un point de r\u00e9f\u00e9rence pour le territoire de Turin et du Pi\u00e9mont, avec un programme combinant des moments de r\u00e9flexion et de discussion avec des ateliers, des performances artistiques, des spectacles, des visites guid\u00e9es, des ateliers dans les \u00e9coles et des activit\u00e9s participatives. L&rsquo;objectif est double : d&rsquo;une part, sensibiliser les citoyens \u00e0 l&rsquo;aide d&rsquo;informations correctes et de nouvelles perspectives sur la migration et, d&rsquo;autre part, donner de l&rsquo;espace au protagonisme des personnes r\u00e9fugi\u00e9es, qui contribuent \u00e0 l&rsquo;organisation, \u00e0 l&rsquo;animation et au contenu des initiatives. <\/span><\/p><p><span style=\"font-weight: 400;\">Ces derni\u00e8res ann\u00e9es, le festival s&rsquo;est enrichi de projets sp\u00e9ciaux, tels que le concours et la r\u00e9sidence artistique \u00ab\u00a0To My Dreams I Will Not Give Up\u00a0\u00bb. <\/span><b>\u00ab\u00a0To My Dreams I Will Not Give Up\u00a0\u00bb (\u00ab\u00a0\u00c0 mes r\u00eaves, je n&rsquo;abandonnerai pas\u00a0\u00bb).<\/b><span style=\"font-weight: 400;\">organis\u00e9 avec la Fondation Orsolina 28 et la Fondation Lavazza, qui a donn\u00e9 aux artistes r\u00e9fugi\u00e9s l&rsquo;occasion de cr\u00e9er et d&rsquo;exposer des \u0153uvres collectives ; ou encore des ateliers et des parcours d\u00e9di\u00e9s aux femmes et aux enfants r\u00e9fugi\u00e9s, en collaboration avec les r\u00e9alit\u00e9s culturelles et sociales de la ville.<\/span><\/p><p><span style=\"font-weight: 400;\">La Semaine est aujourd&rsquo;hui un <\/span><b>lieu de rencontre de diff\u00e9rents r\u00e9seaux<\/b><span style=\"font-weight: 400;\">associations, autorit\u00e9s locales, universit\u00e9s, \u00e9coles, fondations, quartiers et citoyens. Un laboratoire urbain qui montre que le th\u00e8me de la migration ne concerne pas seulement ceux qui arrivent, mais toute la communaut\u00e9 qui accueille et transforme ensemble. <\/span><\/p>\t\t\t\t\t\t\t\t<\/div>\n\t\t\t\t<div class=\"elementor-element elementor-element-8c8516b elementor-widget elementor-widget-gallery\" data-id=\"8c8516b\" data-element_type=\"widget\" data-e-type=\"widget\" data-settings=\"{&quot;columns&quot;:2,&quot;gap&quot;:{&quot;unit&quot;:&quot;px&quot;,&quot;size&quot;:20,&quot;sizes&quot;:[]},&quot;lazyload&quot;:&quot;yes&quot;,&quot;gallery_layout&quot;:&quot;grid&quot;,&quot;columns_tablet&quot;:2,&quot;columns_mobile&quot;:1,&quot;gap_tablet&quot;:{&quot;unit&quot;:&quot;px&quot;,&quot;size&quot;:10,&quot;sizes&quot;:[]},&quot;gap_mobile&quot;:{&quot;unit&quot;:&quot;px&quot;,&quot;size&quot;:10,&quot;sizes&quot;:[]},&quot;link_to&quot;:&quot;file&quot;,&quot;aspect_ratio&quot;:&quot;3:2&quot;,&quot;overlay_background&quot;:&quot;yes&quot;,&quot;content_hover_animation&quot;:&quot;fade-in&quot;}\" data-widget_type=\"gallery.default\">\n\t\t\t\t\t\t\t<div class=\"elementor-gallery__container\">\n\t\t\t\t\t\t\t<a class=\"e-gallery-item elementor-gallery-item elementor-animated-content\" href=\"https:\/\/mosaicorefugees.org\/wp-content\/uploads\/2019\/12\/IMG_5098.jpg\" data-elementor-open-lightbox=\"yes\" data-elementor-lightbox-slideshow=\"8c8516b\" data-elementor-lightbox-title=\"IMG_5098\" data-e-action-hash=\"#elementor-action%3Aaction%3Dlightbox%26settings%3DeyJpZCI6MTIxMCwidXJsIjoiaHR0cHM6XC9cL21vc2FpY29yZWZ1Z2Vlcy5vcmdcL3dwLWNvbnRlbnRcL3VwbG9hZHNcLzIwMTlcLzEyXC9JTUdfNTA5OC5qcGciLCJzbGlkZXNob3ciOiI4Yzg1MTZiIn0%3D\">\n\t\t\t\t\t<div class=\"e-gallery-image elementor-gallery-item__image\" data-thumbnail=\"https:\/\/mosaicorefugees.org\/wp-content\/uploads\/2019\/12\/IMG_5098.jpg\" data-width=\"800\" data-height=\"600\" aria-label=\"\" role=\"img\" ><\/div>\n\t\t\t\t\t\t\t\t\t\t\t<div class=\"elementor-gallery-item__overlay\"><\/div>\n\t\t\t\t\t\t\t\t\t\t\t\t\t\t<\/a>\n\t\t\t\t\t\t\t<a class=\"e-gallery-item elementor-gallery-item elementor-animated-content\" href=\"https:\/\/mosaicorefugees.org\/wp-content\/uploads\/2019\/12\/IMG_5095.jpg\" data-elementor-open-lightbox=\"yes\" data-elementor-lightbox-slideshow=\"8c8516b\" data-elementor-lightbox-title=\"IMG_5095\" data-e-action-hash=\"#elementor-action%3Aaction%3Dlightbox%26settings%3DeyJpZCI6MTE5OCwidXJsIjoiaHR0cHM6XC9cL21vc2FpY29yZWZ1Z2Vlcy5vcmdcL3dwLWNvbnRlbnRcL3VwbG9hZHNcLzIwMTlcLzEyXC9JTUdfNTA5NS5qcGciLCJzbGlkZXNob3ciOiI4Yzg1MTZiIn0%3D\">\n\t\t\t\t\t<div class=\"e-gallery-image elementor-gallery-item__image\" data-thumbnail=\"https:\/\/mosaicorefugees.org\/wp-content\/uploads\/2019\/12\/IMG_5095-1024x683.jpg\" data-width=\"800\" data-height=\"534\" aria-label=\"\" role=\"img\" ><\/div>\n\t\t\t\t\t\t\t\t\t\t\t<div class=\"elementor-gallery-item__overlay\"><\/div>\n\t\t\t\t\t\t\t\t\t\t\t\t\t\t<\/a>\n\t\t\t\t\t<\/div>\n\t\t\t\t\t<\/div>\n\t\t\t\t\t<\/div>\n\t\t\t\t<\/div>\n\t\t<div class=\"elementor-element elementor-element-7769ad3 e-flex e-con-boxed e-con e-parent\" data-id=\"7769ad3\" data-element_type=\"container\" data-e-type=\"container\">\n\t\t\t\t\t<div class=\"e-con-inner\">\n\t\t\t\t<div class=\"elementor-element elementor-element-e91f936 elementor-widget elementor-widget-heading\" data-id=\"e91f936\" data-element_type=\"widget\" data-e-type=\"widget\" data-widget_type=\"heading.default\">\n\t\t\t\t\t<h2 class=\"elementor-heading-title elementor-size-default\">\u00c9ditions pr\u00e9c\u00e9dentes<\/h2>\t\t\t\t<\/div>\n\t\t<div class=\"elementor-element elementor-element-e710e4d e-con-full e-flex e-con e-child\" data-id=\"e710e4d\" data-element_type=\"container\" data-e-type=\"container\">\n\t\t\t\t<div class=\"elementor-element elementor-element-83f9059 elementor-widget elementor-widget-button\" data-id=\"83f9059\" data-element_type=\"widget\" data-e-type=\"widget\" data-widget_type=\"button.default\">\n\t\t\t\t\t\t\t\t\t\t<a class=\"elementor-button elementor-button-link elementor-size-sm\" href=\"https:\/\/mosaicorefugees.org\/fr\/journee-mondiale-des-refugies-2012\/\">\n\t\t\t\t\t\t<span class=\"elementor-button-content-wrapper\">\n\t\t\t\t\t\t\t\t\t<span class=\"elementor-button-text\">GMR 2012<\/span>\n\t\t\t\t\t<\/span>\n\t\t\t\t\t<\/a>\n\t\t\t\t\t\t\t\t<\/div>\n\t\t\t\t<div class=\"elementor-element elementor-element-c3d73de elementor-widget elementor-widget-button\" data-id=\"c3d73de\" data-element_type=\"widget\" data-e-type=\"widget\" data-widget_type=\"button.default\">\n\t\t\t\t\t\t\t\t\t\t<a class=\"elementor-button elementor-button-link elementor-size-sm\" href=\"https:\/\/mosaicorefugees.org\/fr\/journee-mondiale-des-refugies-2015\/\">\n\t\t\t\t\t\t<span class=\"elementor-button-content-wrapper\">\n\t\t\t\t\t\t\t\t\t<span class=\"elementor-button-text\">GMR 2015<\/span>\n\t\t\t\t\t<\/span>\n\t\t\t\t\t<\/a>\n\t\t\t\t\t\t\t\t<\/div>\n\t\t\t\t<div class=\"elementor-element elementor-element-ea9a608 elementor-widget elementor-widget-button\" data-id=\"ea9a608\" data-element_type=\"widget\" data-e-type=\"widget\" data-widget_type=\"button.default\">\n\t\t\t\t\t\t\t\t\t\t<a class=\"elementor-button elementor-button-link elementor-size-sm\" href=\"https:\/\/mosaicorefugees.org\/fr\/journee-mondiale-des-refugies-2017\/\">\n\t\t\t\t\t\t<span class=\"elementor-button-content-wrapper\">\n\t\t\t\t\t\t\t\t\t<span class=\"elementor-button-text\">GMR 2017<\/span>\n\t\t\t\t\t<\/span>\n\t\t\t\t\t<\/a>\n\t\t\t\t\t\t\t\t<\/div>\n\t\t\t\t<div class=\"elementor-element elementor-element-25a83a3 elementor-widget elementor-widget-button\" data-id=\"25a83a3\" data-element_type=\"widget\" data-e-type=\"widget\" data-widget_type=\"button.default\">\n\t\t\t\t\t\t\t\t\t\t<a class=\"elementor-button elementor-button-link elementor-size-sm\" href=\"https:\/\/mosaicorefugees.org\/fr\/journee-mondiale-des-refugies-2018\/\">\n\t\t\t\t\t\t<span class=\"elementor-button-content-wrapper\">\n\t\t\t\t\t\t\t\t\t<span class=\"elementor-button-text\">GMR 2018<\/span>\n\t\t\t\t\t<\/span>\n\t\t\t\t\t<\/a>\n\t\t\t\t\t\t\t\t<\/div>\n\t\t\t\t<div class=\"elementor-element elementor-element-e14822a elementor-widget elementor-widget-button\" data-id=\"e14822a\" data-element_type=\"widget\" data-e-type=\"widget\" data-widget_type=\"button.default\">\n\t\t\t\t\t\t\t\t\t\t<a class=\"elementor-button elementor-button-link elementor-size-sm\" href=\"https:\/\/mosaicorefugees.org\/fr\/gmr_2019\/\">\n\t\t\t\t\t\t<span class=\"elementor-button-content-wrapper\">\n\t\t\t\t\t\t\t\t\t<span class=\"elementor-button-text\">GMR 2019<\/span>\n\t\t\t\t\t<\/span>\n\t\t\t\t\t<\/a>\n\t\t\t\t\t\t\t\t<\/div>\n\t\t\t\t<div class=\"elementor-element elementor-element-4df1ef9 elementor-widget elementor-widget-button\" data-id=\"4df1ef9\" data-element_type=\"widget\" data-e-type=\"widget\" data-widget_type=\"button.default\">\n\t\t\t\t\t\t\t\t\t\t<a class=\"elementor-button elementor-button-link elementor-size-sm\" href=\"https:\/\/mosaicorefugees.org\/fr\/gmr_2020\/\">\n\t\t\t\t\t\t<span class=\"elementor-button-content-wrapper\">\n\t\t\t\t\t\t\t\t\t<span class=\"elementor-button-text\">GMR 2020<\/span>\n\t\t\t\t\t<\/span>\n\t\t\t\t\t<\/a>\n\t\t\t\t\t\t\t\t<\/div>\n\t\t\t\t<div class=\"elementor-element elementor-element-49ffd51 elementor-widget elementor-widget-button\" data-id=\"49ffd51\" data-element_type=\"widget\" data-e-type=\"widget\" data-widget_type=\"button.default\">\n\t\t\t\t\t\t\t\t\t\t<a class=\"elementor-button elementor-button-link elementor-size-sm\" href=\"https:\/\/mosaicorefugees.org\/fr\/gmr_2021\/\">\n\t\t\t\t\t\t<span class=\"elementor-button-content-wrapper\">\n\t\t\t\t\t\t\t\t\t<span class=\"elementor-button-text\">GMR 2021<\/span>\n\t\t\t\t\t<\/span>\n\t\t\t\t\t<\/a>\n\t\t\t\t\t\t\t\t<\/div>\n\t\t\t\t<div class=\"elementor-element elementor-element-e0e1ccd elementor-widget elementor-widget-button\" data-id=\"e0e1ccd\" data-element_type=\"widget\" data-e-type=\"widget\" data-widget_type=\"button.default\">\n\t\t\t\t\t\t\t\t\t\t<a class=\"elementor-button elementor-button-link elementor-size-sm\" href=\"https:\/\/mosaicorefugees.org\/fr\/journee-mondiale-du-refugie-2022\/\">\n\t\t\t\t\t\t<span class=\"elementor-button-content-wrapper\">\n\t\t\t\t\t\t\t\t\t<span class=\"elementor-button-text\">GMR 2022<\/span>\n\t\t\t\t\t<\/span>\n\t\t\t\t\t<\/a>\n\t\t\t\t\t\t\t\t<\/div>\n\t\t\t\t<div class=\"elementor-element elementor-element-e7c88fc elementor-widget elementor-widget-button\" data-id=\"e7c88fc\" data-element_type=\"widget\" data-e-type=\"widget\" data-widget_type=\"button.default\">\n\t\t\t\t\t\t\t\t\t\t<a class=\"elementor-button elementor-button-link elementor-size-sm\" href=\"https:\/\/mosaicorefugees.org\/fr\/journee-mondiale-du-refugie-2023\/\">\n\t\t\t\t\t\t<span class=\"elementor-button-content-wrapper\">\n\t\t\t\t\t\t\t\t\t<span class=\"elementor-button-text\">GMR 2023<\/span>\n\t\t\t\t\t<\/span>\n\t\t\t\t\t<\/a>\n\t\t\t\t\t\t\t\t<\/div>\n\t\t\t\t<div class=\"elementor-element elementor-element-1c5c47d elementor-widget elementor-widget-button\" data-id=\"1c5c47d\" data-element_type=\"widget\" data-e-type=\"widget\" data-widget_type=\"button.default\">\n\t\t\t\t\t\t\t\t\t\t<a class=\"elementor-button elementor-button-link elementor-size-sm\" href=\"https:\/\/mosaicorefugees.org\/fr\/journee-mondiale-du-refugie-2024\/\">\n\t\t\t\t\t\t<span class=\"elementor-button-content-wrapper\">\n\t\t\t\t\t\t\t\t\t<span class=\"elementor-button-text\">GMR 2024<\/span>\n\t\t\t\t\t<\/span>\n\t\t\t\t\t<\/a>\n\t\t\t\t\t\t\t\t<\/div>\n\t\t\t\t<div class=\"elementor-element elementor-element-3664c8c elementor-widget elementor-widget-button\" data-id=\"3664c8c\" data-element_type=\"widget\" data-e-type=\"widget\" data-widget_type=\"button.default\">\n\t\t\t\t\t\t\t\t\t\t<a class=\"elementor-button elementor-button-link elementor-size-sm\" href=\"https:\/\/mosaicorefugees.org\/fr\/journee-mondiale-du-refugie-2025\/\">\n\t\t\t\t\t\t<span class=\"elementor-button-content-wrapper\">\n\t\t\t\t\t\t\t\t\t<span class=\"elementor-button-text\">GMR 2025<\/span>\n\t\t\t\t\t<\/span>\n\t\t\t\t\t<\/a>\n\t\t\t\t\t\t\t\t<\/div>\n\t\t\t\t<\/div>\n\t\t\t\t\t<\/div>\n\t\t\t\t<\/div>\n\t\t\t\t<\/div>\n\t\t","protected":false},"excerpt":{"rendered":"<p>La Journ\u00e9e mondiale des r\u00e9fugi\u00e9s est un \u00e9v\u00e9nement promu par le HCR et c\u00e9l\u00e9br\u00e9 chaque ann\u00e9e le 20 juin, en comm\u00e9moration de la Convention de Gen\u00e8ve de 1951 relative au statut des r\u00e9fugi\u00e9s.  <\/p>\n","protected":false},"author":1,"featured_media":0,"parent":0,"menu_order":0,"comment_status":"closed","ping_status":"closed","template":"","meta":{"footnotes":""},"class_list":["post-626","page","type-page","status-publish","hentry"],"_links":{"self":[{"href":"https:\/\/mosaicorefugees.org\/fr\/wp-json\/wp\/v2\/pages\/626","targetHints":{"allow":["GET"]}}],"collection":[{"href":"https:\/\/mosaicorefugees.org\/fr\/wp-json\/wp\/v2\/pages"}],"about":[{"href":"https:\/\/mosaicorefugees.org\/fr\/wp-json\/wp\/v2\/types\/page"}],"author":[{"embeddable":true,"href":"https:\/\/mosaicorefugees.org\/fr\/wp-json\/wp\/v2\/users\/1"}],"replies":[{"embeddable":true,"href":"https:\/\/mosaicorefugees.org\/fr\/wp-json\/wp\/v2\/comments?post=626"}],"version-history":[{"count":27,"href":"https:\/\/mosaicorefugees.org\/fr\/wp-json\/wp\/v2\/pages\/626\/revisions"}],"predecessor-version":[{"id":4281,"href":"https:\/\/mosaicorefugees.org\/fr\/wp-json\/wp\/v2\/pages\/626\/revisions\/4281"}],"wp:attachment":[{"href":"https:\/\/mosaicorefugees.org\/fr\/wp-json\/wp\/v2\/media?parent=626"}],"curies":[{"name":"wp","href":"https:\/\/api.w.org\/{rel}","templated":true}]}}